{"id":5285,"date":"2024-11-05T07:52:45","date_gmt":"2024-11-05T06:52:45","guid":{"rendered":"https:\/\/fagorcomfortsolutions.es\/?page_id=5285"},"modified":"2025-08-10T10:27:51","modified_gmt":"2025-08-10T08:27:51","slug":"caldeiras-de-gas","status":"publish","type":"page","link":"https:\/\/fagorcomfortsolutions.es\/pt-pt\/caldeiras-de-gas\/","title":{"rendered":"Caldeiras de g\u00e1s"},"content":{"rendered":"<section class=\"l-section wpb_row height_auto\"><div class=\"l-section-h i-cf\"><div class=\"g-cols vc_row via_grid cols_1 laptops-cols_inherit tablets-cols_inherit mobiles-cols_1 valign_top type_default stacking_default\"><div class=\"wpb_column vc_column_container\"><div class=\"vc_column-inner\"><\/div><\/div><\/div><\/div><\/section><section class=\"l-section wpb_row cabecera height_auto with_img\"><div class=\"l-section-img\" role=\"img\" data-img-width=\"2400\" data-img-height=\"736\" style=\"background-image: url(https:\/\/fagorcomfortsolutions.es\/wp-content\/uploads\/2025\/03\/calderas-1.jpg);background-repeat: no-repeat;\"><\/div><div class=\"l-section-overlay\" style=\"background:var(--color-content-primary)\"><\/div><div class=\"l-section-h i-cf\"><div class=\"g-cols vc_row via_grid cols_1 laptops-cols_inherit tablets-cols_inherit mobiles-cols_1 valign_top type_default stacking_default\"><div class=\"wpb_column vc_column_container\"><div class=\"vc_column-inner\"><div class=\"g-cols wpb_row via_grid cols_2 laptops-cols_inherit tablets-cols_inherit mobiles-cols_1 valign_bottom type_default stacking_default\" style=\"--gap:3rem;\"><div class=\"wpb_column vc_column_container\"><div class=\"vc_column-inner\"><div class=\"w-hwrapper valign_top align_left\"><div class=\"w-vwrapper us_custom_edb423b1 align_left valign_middle\"><div class=\"w-image imagen align_none\"><div class=\"w-image-h\"><img loading=\"lazy\" decoding=\"async\" width=\"1024\" height=\"1024\" src=\"https:\/\/fagorcomfortsolutions.es\/wp-content\/uploads\/2025\/03\/rojo.svg\" class=\"attachment-large size-large\" alt=\"\" loading=\"lazy\" \/><\/div><\/div><div class=\"wpb_text_column us_custom_6df4bc3a texto has_text_color\"><div class=\"wpb_wrapper\"><h1><strong>Caldeiras de<br \/>\n<b>condensa\u00e7\u00e3o a g\u00e1s<\/b><br \/>\n<\/strong><\/h1>\n<h2>H2 Ready em todos os modelos<\/h2>\n<\/div><\/div><\/div><\/div><\/div><\/div><div class=\"wpb_column vc_column_container\"><div class=\"vc_column-inner\"><\/div><\/div><\/div><div class=\"g-cols wpb_row us_custom_60d0bd15 via_grid cols_2 laptops-cols_inherit tablets-cols_inherit mobiles-cols_1 valign_bottom type_default stacking_default\" style=\"--gap:6rem;--laptops-gap:6rem;--tablets-gap:3rem;--mobiles-gap:0.5rem;\"><div class=\"wpb_column vc_column_container\"><div class=\"vc_column-inner\"><div class=\"w-image us_custom_15a2201b imagen-prod us_animate_this align_right\"><div class=\"w-image-h\"><img loading=\"lazy\" decoding=\"async\" width=\"1024\" height=\"680\" src=\"https:\/\/fagorcomfortsolutions.es\/wp-content\/uploads\/2025\/03\/calderas-prod.png\" class=\"attachment-full size-full\" alt=\"Calderas de Gas Fagor tres modelos\" loading=\"lazy\" srcset=\"https:\/\/fagorcomfortsolutions.es\/wp-content\/uploads\/2025\/03\/calderas-prod.png 1024w, https:\/\/fagorcomfortsolutions.es\/wp-content\/uploads\/2025\/03\/calderas-prod-300x199.png 300w\" sizes=\"auto, (max-width: 1024px) 100vw, 1024px\" \/><\/div><\/div><\/div><\/div><div class=\"wpb_column vc_column_container\"><div class=\"vc_column-inner\"><div class=\"w-btn-wrapper align_center\"><button class=\"w-btn us-btn-style_7 us_custom_2a9ba11a form-presupuesto us_animate_this\" onclick=\"return false\"><span class=\"w-btn-label\">Solicite um or\u00e7amento<\/span><\/button><\/div><\/div><\/div><\/div><div class=\"w-separator size_small\"><\/div><\/div><\/div><\/div><\/div><\/section><section class=\"l-section wpb_row height_large\"><div class=\"l-section-h i-cf\"><div class=\"g-cols vc_row via_grid cols_custom laptops-cols_inherit tablets-cols_inherit mobiles-cols_1 valign_top type_default stacking_default\" style=\"--custom-columns:0.5fr 5fr 0.5fr \"><div class=\"wpb_column vc_column_container\"><div class=\"vc_column-inner\"><\/div><\/div><div class=\"wpb_column vc_column_container\"><div class=\"vc_column-inner\"><div class=\"g-cols wpb_row caracteristicas2 via_grid cols_2 laptops-cols_inherit tablets-cols_inherit mobiles-cols_1 valign_top type_default stacking_default\" style=\"--gap:3rem;\"><div class=\"wpb_column vc_column_container\"><div class=\"vc_column-inner\"><div class=\"w-image us_custom_3000a3fb has_ratio align_none\"><div class=\"w-image-h\"><div style=\"padding-bottom:100%\"><\/div><img loading=\"lazy\" decoding=\"async\" width=\"700\" height=\"759\" src=\"https:\/\/fagorcomfortsolutions.es\/wp-content\/uploads\/2025\/01\/calderas-02.jpg\" class=\"attachment-large size-large\" alt=\"Caldera de gas Fagor H2 Natur Interior\" loading=\"lazy\" \/><\/div><\/div><div class=\"w-separator size_small\"><\/div><div class=\"wpb_text_column\"><div class=\"wpb_wrapper\"><h2><strong><em>Caldeiras H2 Ready<\/em><\/strong><\/h2>\n<h3>Preparado para o futuro do hidrog\u00eanio e dos biocombust\u00edveis<\/h3>\n<\/div><\/div><div class=\"w-separator size_small\"><\/div><div class=\"wpb_text_column\"><div class=\"wpb_wrapper\"><p>\u00b7 Conformidade com <strong>regulamenta\u00e7\u00f5es futuras<\/strong><br \/>\n\u00b7 Redu\u00e7\u00e3o <strong>da pegada de carbono<\/strong><br \/>\n\u00b7 Transi\u00e7\u00e3o energ\u00e9tica <strong>sem complica\u00e7\u00f5es<\/strong><br \/>\n\u00b7 <strong>Mais calor<\/strong> por unidade consumida<br \/>\n\u00b7 <strong>Antecipa <\/strong>futuras necessidades de energia<\/p>\n<\/div><\/div><\/div><\/div><div class=\"wpb_column vc_column_container\"><div class=\"vc_column-inner\"><div class=\"w-image us_custom_3000a3fb has_ratio align_none\"><div class=\"w-image-h\"><div style=\"padding-bottom:100%\"><\/div><img loading=\"lazy\" decoding=\"async\" width=\"700\" height=\"759\" src=\"https:\/\/fagorcomfortsolutions.es\/wp-content\/uploads\/2025\/01\/calderas-03.jpg\" class=\"attachment-large size-large\" alt=\"Caldera de gas fagor Interior Detalle\" loading=\"lazy\" srcset=\"https:\/\/fagorcomfortsolutions.es\/wp-content\/uploads\/2025\/01\/calderas-03.jpg 700w, https:\/\/fagorcomfortsolutions.es\/wp-content\/uploads\/2025\/01\/calderas-03-277x300.jpg 277w\" sizes=\"auto, (max-width: 700px) 100vw, 700px\" \/><\/div><\/div><div class=\"w-separator size_small\"><\/div><div class=\"wpb_text_column\"><div class=\"wpb_wrapper\"><h2><strong><em>Sistema ultrassilencioso<\/em><\/strong><\/h2>\n<h3>Desfrute de paz e<br \/>\ntranquilidade em sua casa<\/h3>\n<\/div><\/div><div class=\"w-separator size_small\"><\/div><div class=\"wpb_text_column\"><div class=\"wpb_wrapper\"><p>\u00b7 <strong>Igni\u00e7\u00e3o <\/strong>suave e silenciosa<br \/>\n\u00b7 Modula\u00e7\u00e3o <strong>cont\u00ednua e precisa<\/strong><br \/>\n\u00b7 <strong>Isolamento ac\u00fastico<\/strong> avan\u00e7ado<br \/>\n\u00b7 Queimador <strong>de fibra cer\u00e2mica<\/strong><br \/>\n\u00b7 Ventilador <strong>de baixo ru\u00eddo<\/strong><br \/>\n\u00b7 Constru\u00e7\u00e3o <strong>anti vibra\u00e7\u00e3o<\/strong><\/p>\n<\/div><\/div><\/div><\/div><\/div><div class=\"w-separator size_large\"><\/div><div class=\"g-cols wpb_row caracteristicas2 via_grid cols_2 laptops-cols_inherit tablets-cols_inherit mobiles-cols_1 valign_top type_default stacking_default\" style=\"--gap:3rem;\"><div class=\"wpb_column vc_column_container\"><div class=\"vc_column-inner\"><div class=\"w-image us_custom_3000a3fb has_ratio align_none\"><div class=\"w-image-h\"><div style=\"padding-bottom:100%\"><\/div><img loading=\"lazy\" decoding=\"async\" width=\"700\" height=\"759\" src=\"https:\/\/fagorcomfortsolutions.es\/wp-content\/uploads\/2025\/01\/calderas-04.jpg\" class=\"attachment-large size-large\" alt=\"Caldera de gas Fagor &quot;Hot Water Speed&quot;\" loading=\"lazy\" srcset=\"https:\/\/fagorcomfortsolutions.es\/wp-content\/uploads\/2025\/01\/calderas-04.jpg 700w, https:\/\/fagorcomfortsolutions.es\/wp-content\/uploads\/2025\/01\/calderas-04-277x300.jpg 277w\" sizes=\"auto, (max-width: 700px) 100vw, 700px\" \/><\/div><\/div><div class=\"w-separator size_small\"><\/div><div class=\"wpb_text_column\"><div class=\"wpb_wrapper\"><h2><strong><em>\u00c1gua quente instant\u00e2nea<\/em><\/strong><\/h2>\n<h3>Gra\u00e7as \u00e0 tecnologia de microacumula\u00e7\u00e3o \u201cHot Water Speed\u201d<\/h3>\n<\/div><\/div><div class=\"w-separator size_small\"><\/div><div class=\"wpb_text_column\"><div class=\"wpb_wrapper\"><p>\u00b7 Permutador de calor <strong>AsyMatrix<\/strong><br \/>\n\u00b7 Dete\u00e7\u00e3o <strong>inteligente das necessidades<\/strong><br \/>\n\u00b7 Comuta\u00e7\u00e3o <strong>r\u00e1pida <\/strong>de modo<br \/>\n\u00b7 <strong>Economia <\/strong>de energia<\/p>\n<\/div><\/div><\/div><\/div><div class=\"wpb_column vc_column_container\"><div class=\"vc_column-inner\"><div class=\"w-image us_custom_3000a3fb has_ratio align_none\"><div class=\"w-image-h\"><div style=\"padding-bottom:100%\"><\/div><img loading=\"lazy\" decoding=\"async\" width=\"700\" height=\"759\" src=\"https:\/\/fagorcomfortsolutions.es\/wp-content\/uploads\/2025\/01\/calderas-01.jpg\" class=\"attachment-large size-large\" alt=\"Caldera de gas Biocondens26 Interior\" loading=\"lazy\" \/><\/div><\/div><div class=\"w-separator size_small\"><\/div><div class=\"wpb_text_column\"><div class=\"wpb_wrapper\"><h2><strong><em>Calibra\u00e7\u00e3o de<br \/>\nCombust\u00e3o Inteligente<\/em><\/strong><\/h2>\n<h3>Gra\u00e7as \u00e0 tecnologia \u201cGas Adaptive\u201d<\/h3>\n<\/div><\/div><div class=\"w-separator size_small\"><\/div><div class=\"wpb_text_column\"><div class=\"wpb_wrapper\"><p>\u00b7 Ajuste <strong>inteligente <\/strong>de combust\u00edvel<br \/>\n\u00b7 <strong>Sensor eletr\u00f3nico<\/strong> de alta precis\u00e3o<br \/>\n\u00b7 <strong>Adapta\u00e7\u00e3o din\u00e2mica<\/strong> ao ambiente<br \/>\n\u00b7 Calibra\u00e7\u00e3o sem <strong>interven\u00e7\u00e3o manual<\/strong><\/p>\n<\/div><\/div><\/div><\/div><\/div><\/div><\/div><div class=\"wpb_column vc_column_container\"><div class=\"vc_column-inner\"><\/div><\/div><\/div><\/div><\/section><section class=\"l-section wpb_row height_auto\"><div class=\"l-section-h i-cf\"><div class=\"g-cols vc_row via_grid cols_1 laptops-cols_inherit tablets-cols_inherit mobiles-cols_1 valign_top type_default stacking_default\"><div class=\"wpb_column vc_column_container\"><div class=\"vc_column-inner\"><div class=\"g-cols wpb_row us_custom_10b561d7 banner banner1 via_grid cols_2 laptops-cols_inherit tablets-cols_inherit mobiles-cols_1 valign_bottom type_default stacking_default\" style=\"--gap:3rem;\"><div class=\"wpb_column vc_column_container\"><div class=\"vc_column-inner\"><div class=\"w-separator size_medium\"><\/div><div class=\"w-hwrapper valign_top align_left\"><div class=\"w-vwrapper banner-cont align_center valign_middle\"><div class=\"w-image imagen align_none\"><div class=\"w-image-h\"><img loading=\"lazy\" decoding=\"async\" width=\"1024\" height=\"1024\" src=\"https:\/\/fagorcomfortsolutions.es\/wp-content\/uploads\/2025\/03\/rojo.svg\" class=\"attachment-large size-large\" alt=\"\" loading=\"lazy\" \/><\/div><\/div><div class=\"wpb_text_column us_custom_6df4bc3a texto has_text_color\"><div class=\"wpb_wrapper\"><h3><strong>Garantia TOTAL 5 anos<\/strong><br \/>\nem todas as nossas caldeiras*<\/h3>\n<h4>Inclui pe\u00e7as, m\u00e3o de obra e deslocamento. <strong>Valor: \u20ac 250<\/strong><span><\/span><\/h4>\n<\/div><\/div><\/div><\/div><\/div><\/div><div class=\"wpb_column vc_column_container\"><div class=\"vc_column-inner\"><div class=\"w-btn-wrapper align_center\"><button class=\"w-btn us-btn-style_7 us_custom_7257048e form-presupuesto us_animate_this\" onclick=\"return false\"><span class=\"w-btn-label\">Solicite um or\u00e7amento<\/span><\/button><\/div><\/div><\/div><\/div><div class=\"wpb_text_column us_custom_e058eeab\"><div class=\"wpb_wrapper\"><p><span>* Promo\u00e7\u00e3o sujeita \u00e0 contrata\u00e7\u00e3o de servi\u00e7os de manuten\u00e7\u00e3o preventiva no Servi\u00e7o T\u00e9cnico Oficial da Fagor.<\/span><\/p>\n<\/div><\/div><\/div><\/div><\/div><\/div><\/section><section class=\"l-section wpb_row height_large\" id=\"productos\"><div class=\"l-section-h i-cf\"><div class=\"g-cols vc_row via_grid cols_custom laptops-cols_inherit tablets-cols_inherit mobiles-cols_1 valign_top type_default stacking_default\" style=\"--custom-columns:0.5fr 5fr 0.5fr \"><div class=\"wpb_column vc_column_container\"><div class=\"vc_column-inner\"><\/div><\/div><div class=\"wpb_column vc_column_container\"><div class=\"vc_column-inner\"><div class=\"w-vwrapper align_center valign_top\" style=\"--vwrapper-gap:0.5rem\"><div class=\"wpb_text_column us_custom_6745946f has_text_color\"><div class=\"wpb_wrapper\"><h2 class=\"h1\"><strong>Descubra a nossa gama de caldeiras<\/strong><\/h2>\n<\/div><\/div><div class=\"wpb_text_column\"><div class=\"wpb_wrapper\"><h3>Encontre o que melhor se adapta \u00e0s suas necessidades<\/h3>\n<\/div><\/div><\/div><div class=\"w-grid type_grid layout_249 cols_3 with_css_animation\" id=\"us_grid_1\" style=\"--gap:1rem;\" data-filterable=\"true\"><style>@media (max-width:1024px){#us_grid_1 .w-grid-item{width:50%}}@media (max-width:600px){#us_grid_1 .w-grid-list{margin:0}#us_grid_1 .w-grid-item{width:100%;padding:0;margin-bottom:var(--gap,0px)}}.layout_249 .w-grid-item-h{}.layout_249 .usg_post_title_1{color:var(--color-content-primary)!important;text-align:inherit!important;font-weight:500!important}.layout_249 .usg_post_taxonomy_1{color:var(--color-content-primary)!important;text-align:inherit!important;font-size:0.7rem!important}.layout_249 .usg_vwrapper_1{padding-right:10%!important}.layout_249 .usg_post_image_1{width:80%!important;margin-bottom:1rem!important}.layout_249 .usg_post_taxonomy_2{text-align:inherit!important;font-size:1.3rem!important}.layout_249 .usg_vwrapper_2{margin-bottom:1rem!important}.layout_249 .usg_post_content_1{color:#737373!important;text-align:inherit!important;font-size:0.9rem!important;line-height:1.3!important}@media (min-width:1025px) and (max-width:1380px){.layout_249 .usg_post_title_1{color:var(--color-content-primary)!important;text-align:inherit!important;font-weight:500!important}.layout_249 .usg_post_taxonomy_1{color:var(--color-content-primary)!important;text-align:inherit!important;font-size:0.7rem!important}.layout_249 .usg_vwrapper_1{padding-right:10%!important}.layout_249 .usg_post_image_1{width:80%!important;margin-bottom:1rem!important}.layout_249 .usg_post_taxonomy_2{text-align:inherit!important;font-size:1.3rem!important}.layout_249 .usg_post_content_1{color:#737373!important;text-align:inherit!important;font-size:0.9rem!important;line-height:1.3!important}}@media (min-width:601px) and (max-width:1024px){.layout_249 .usg_post_title_1{color:var(--color-content-primary)!important;text-align:inherit!important;font-weight:500!important}.layout_249 .usg_post_taxonomy_1{color:var(--color-content-primary)!important;text-align:inherit!important;font-size:0.7rem!important}.layout_249 .usg_vwrapper_1{padding-right:10%!important}.layout_249 .usg_post_image_1{width:70%!important;margin-left:0!important;margin-bottom:1rem!important}.layout_249 .usg_post_taxonomy_2{text-align:inherit!important;font-size:1.3rem!important}.layout_249 .usg_post_content_1{color:#737373!important;text-align:inherit!important;font-size:0.9rem!important;line-height:1.3!important}}@media (max-width:600px){.layout_249 .usg_post_title_1{color:var(--color-content-primary)!important;text-align:center!important;font-weight:500!important}.layout_249 .usg_post_taxonomy_1{color:var(--color-content-primary)!important;text-align:center!important;font-size:0.7rem!important}.layout_249 .usg_vwrapper_1{padding-right:0!important}.layout_249 .usg_post_image_1{width:60%!important;margin-left:4rem!important;margin-bottom:1rem!important}.layout_249 .usg_post_taxonomy_2{text-align:center!important;font-size:1.3rem!important}.layout_249 .usg_hwrapper_1{margin-bottom:2rem!important}.layout_249 .usg_post_content_1{color:#737373!important;text-align:center!important;font-size:0.9rem!important;line-height:1.3!important;padding-left:2rem!important;padding-right:2rem!important}}<\/style><div class=\"w-grid-list\">\t<article class=\"w-grid-item us_animate_afb size_1x1 post-5270 us_portfolio type-us_portfolio status-publish has-post-thumbnail hentry us_portfolio_category-caldeiras-a-gas us_portfolio_tag-25kw-pt-pt us_portfolio_tag-30kw-pt-pt us_portfolio_tag-35kw-pt-pt\" data-id=\"5270\" style=\"animation-delay:0s\">\r\n\t\t<div class=\"w-grid-item-h\">\r\n\t\t\t\t\t\t<div class=\"w-post-elm post_image usg_post_image_1 has_width\"><a href=\"https:\/\/fagorcomfortsolutions.es\/pt-pt\/productos\/h2natur\/\" aria-label=\"H2NATUR\"><img fetchpriority=\"high\" decoding=\"async\" width=\"703\" height=\"909\" src=\"https:\/\/fagorcomfortsolutions.es\/wp-content\/uploads\/2025\/03\/11_caldera-h2-natur.jpg\" class=\"attachment-full size-full wp-post-image\" alt=\"Caldera H2 Natur Fagor\" srcset=\"https:\/\/fagorcomfortsolutions.es\/wp-content\/uploads\/2025\/03\/11_caldera-h2-natur.jpg 703w, https:\/\/fagorcomfortsolutions.es\/wp-content\/uploads\/2025\/03\/11_caldera-h2-natur-232x300.jpg 232w\" sizes=\"(max-width: 703px) 100vw, 703px\" \/><\/a><\/div><div class=\"w-vwrapper usg_vwrapper_1\" style=\"--vwrapper-gap:1.5rem\"><div class=\"w-vwrapper usg_vwrapper_2\" style=\"--vwrapper-gap:0rem\"><div class=\"w-post-elm post_taxonomy usg_post_taxonomy_2 style_simple color_link_inherit\"><span class=\"term-59 term-caldeiras-a-gas\">Caldeiras a g\u00e1s<\/span><\/div><h3 class=\"w-post-elm post_title usg_post_title_1 has_text_color entry-title color_link_inherit\"><a href=\"https:\/\/fagorcomfortsolutions.es\/pt-pt\/productos\/h2natur\/\">H2NATUR<\/a><\/h3><div class=\"w-post-elm post_taxonomy usg_post_taxonomy_1 has_text_color style_simple color_link_inherit\"><span class=\"term-67 term-25kw-pt-pt\">25kW<\/span><b> \/ <\/b><span class=\"term-70 term-30kw-pt-pt\">30kW<\/span><b> \/ <\/b><span class=\"term-72 term-35kw-pt-pt\">35kW<\/span><\/div><\/div><div class=\"w-vwrapper usg_vwrapper_4\" style=\"--vwrapper-gap:1rem\"><div class=\"w-post-elm post_content usg_post_content_1 has_text_color\"><p>A caldeira foi projetada para espa\u00e7os exclusivos gra\u00e7as \u00e0s suas conex\u00f5es invis\u00edveis e completamente ocultas. Dispon\u00edvel em tr\u00eas pot\u00eancias: 25 kW, 30 kW e 35 kW.<\/p>\n<\/div><div class=\"w-hwrapper usg_hwrapper_1 default_align_none laptops_align_none tablets_align_none mobiles_align_center\"><a class=\"w-btn us-btn-style_5 usg_btn_1\" href=\"https:\/\/fagorcomfortsolutions.es\/pt-pt\/productos\/h2natur\/\"><span class=\"w-btn-label\">Mais informa\u00e7\u00f5es<\/span><\/a><\/div><\/div><\/div>\t\t<\/div>\r\n\t\t\t<\/article>\r\n\t<article class=\"w-grid-item us_animate_afb size_1x1 post-5371 us_portfolio type-us_portfolio status-publish has-post-thumbnail hentry us_portfolio_category-caldeiras-a-gas us_portfolio_tag-26kw-pt-pt\" data-id=\"5371\" style=\"animation-delay:0.1s\">\r\n\t\t<div class=\"w-grid-item-h\">\r\n\t\t\t\t\t\t<div class=\"w-post-elm post_image usg_post_image_1 has_width\"><a href=\"https:\/\/fagorcomfortsolutions.es\/pt-pt\/productos\/biocondens-26\/\" aria-label=\"bioCONDENS 26\"><img decoding=\"async\" width=\"703\" height=\"909\" src=\"https:\/\/fagorcomfortsolutions.es\/wp-content\/uploads\/2025\/03\/17_caldera-biocondens-26.jpg\" class=\"attachment-full size-full wp-post-image\" alt=\"Caldera Biocondens26 Fagor perfil\" srcset=\"https:\/\/fagorcomfortsolutions.es\/wp-content\/uploads\/2025\/03\/17_caldera-biocondens-26.jpg 703w, https:\/\/fagorcomfortsolutions.es\/wp-content\/uploads\/2025\/03\/17_caldera-biocondens-26-232x300.jpg 232w\" sizes=\"(max-width: 703px) 100vw, 703px\" \/><\/a><\/div><div class=\"w-vwrapper usg_vwrapper_1\" style=\"--vwrapper-gap:1.5rem\"><div class=\"w-vwrapper usg_vwrapper_2\" style=\"--vwrapper-gap:0rem\"><div class=\"w-post-elm post_taxonomy usg_post_taxonomy_2 style_simple color_link_inherit\"><span class=\"term-59 term-caldeiras-a-gas\">Caldeiras a g\u00e1s<\/span><\/div><h3 class=\"w-post-elm post_title usg_post_title_1 has_text_color entry-title color_link_inherit\"><a href=\"https:\/\/fagorcomfortsolutions.es\/pt-pt\/productos\/biocondens-26\/\">bioCONDENS 26<\/a><\/h3><div class=\"w-post-elm post_taxonomy usg_post_taxonomy_1 has_text_color style_simple color_link_inherit\"><span class=\"term-68 term-26kw-pt-pt\">26kW<\/span><\/div><\/div><div class=\"w-vwrapper usg_vwrapper_4\" style=\"--vwrapper-gap:1rem\"><div class=\"w-post-elm post_content usg_post_content_1 has_text_color\"><p>Caldeira compacta e eficiente, com apenas 25 cm de profundidade para f\u00e1cil integra\u00e7\u00e3o em qualquer espa\u00e7o. A combina\u00e7\u00e3o perfeita de efici\u00eancia e tamanho.<\/p>\n<\/div><div class=\"w-hwrapper usg_hwrapper_1 default_align_none laptops_align_none tablets_align_none mobiles_align_center\"><a class=\"w-btn us-btn-style_5 usg_btn_1\" href=\"https:\/\/fagorcomfortsolutions.es\/pt-pt\/productos\/biocondens-26\/\"><span class=\"w-btn-label\">Mais informa\u00e7\u00f5es<\/span><\/a><\/div><\/div><\/div>\t\t<\/div>\r\n\t\t\t<\/article>\r\n\t<article class=\"w-grid-item us_animate_afb size_1x1 post-5373 us_portfolio type-us_portfolio status-publish has-post-thumbnail hentry us_portfolio_category-caldeiras-a-gas us_portfolio_tag-32kw-pt-pt\" data-id=\"5373\" style=\"animation-delay:0.2s\">\r\n\t\t<div class=\"w-grid-item-h\">\r\n\t\t\t\t\t\t<div class=\"w-post-elm post_image usg_post_image_1 has_width\"><a href=\"https:\/\/fagorcomfortsolutions.es\/pt-pt\/productos\/biocondens-32\/\" aria-label=\"bioCONDENS 32\"><img decoding=\"async\" width=\"703\" height=\"909\" src=\"https:\/\/fagorcomfortsolutions.es\/wp-content\/uploads\/2024\/10\/14_caldera-biocondens-32.jpg\" class=\"attachment-full size-full wp-post-image\" alt=\"Caldera Biocondens32\" \/><\/a><\/div><div class=\"w-vwrapper usg_vwrapper_1\" style=\"--vwrapper-gap:1.5rem\"><div class=\"w-vwrapper usg_vwrapper_2\" style=\"--vwrapper-gap:0rem\"><div class=\"w-post-elm post_taxonomy usg_post_taxonomy_2 style_simple color_link_inherit\"><span class=\"term-59 term-caldeiras-a-gas\">Caldeiras a g\u00e1s<\/span><\/div><h3 class=\"w-post-elm post_title usg_post_title_1 has_text_color entry-title color_link_inherit\"><a href=\"https:\/\/fagorcomfortsolutions.es\/pt-pt\/productos\/biocondens-32\/\">bioCONDENS 32<\/a><\/h3><div class=\"w-post-elm post_taxonomy usg_post_taxonomy_1 has_text_color style_simple color_link_inherit\"><span class=\"term-71 term-32kw-pt-pt\">32kW<\/span><\/div><\/div><div class=\"w-vwrapper usg_vwrapper_4\" style=\"--vwrapper-gap:1rem\"><div class=\"w-post-elm post_content usg_post_content_1 has_text_color\"><p>Caldeira de condensa\u00e7\u00e3o com alto d\u00e9bito de \u00e1gua (18,2 l\/min), Ideal para resid\u00eancias com alta necessidade de \u00e1gua quente. Sempre dispon\u00edvel quando voc\u00ea precisar.<\/p>\n<\/div><div class=\"w-hwrapper usg_hwrapper_1 default_align_none laptops_align_none tablets_align_none mobiles_align_center\"><a class=\"w-btn us-btn-style_5 usg_btn_1\" href=\"https:\/\/fagorcomfortsolutions.es\/pt-pt\/productos\/biocondens-32\/\"><span class=\"w-btn-label\">Mais informa\u00e7\u00f5es<\/span><\/a><\/div><\/div><\/div>\t\t<\/div>\r\n\t\t\t<\/article>\r\n<\/div><div class=\"w-grid-preloader\">\t<div class=\"g-preloader type_4\">\r\n\t\t<div><\/div>\r\n\t<\/div>\r\n\t<\/div>\t<div class=\"w-grid-json hidden\" onclick='return {&quot;action&quot;:&quot;us_ajax_grid&quot;,&quot;infinite_scroll&quot;:0,&quot;max_num_pages&quot;:1,&quot;pagination&quot;:&quot;none&quot;,&quot;template_vars&quot;:{&quot;columns&quot;:&quot;3&quot;,&quot;exclude_items&quot;:&quot;none&quot;,&quot;img_size&quot;:&quot;default&quot;,&quot;ignore_items_size&quot;:0,&quot;items_layout&quot;:&quot;249&quot;,&quot;items_offset&quot;:&quot;1&quot;,&quot;load_animation&quot;:&quot;afb&quot;,&quot;overriding_link&quot;:&quot;%7B%22url%22%3A%22%22%7D&quot;,&quot;post_id&quot;:0,&quot;query_args&quot;:{&quot;post_type&quot;:[&quot;us_portfolio&quot;],&quot;tax_query&quot;:[{&quot;taxonomy&quot;:&quot;us_portfolio_category&quot;,&quot;field&quot;:&quot;slug&quot;,&quot;terms&quot;:[&quot;calderas&quot;]}],&quot;post_status&quot;:[&quot;publish&quot;],&quot;posts_per_page&quot;:999},&quot;orderby_query_args&quot;:{&quot;orderby&quot;:{&quot;date&quot;:&quot;ASC&quot;}},&quot;type&quot;:&quot;grid&quot;,&quot;us_grid_post_type&quot;:&quot;us_portfolio&quot;,&quot;us_grid_ajax_index&quot;:1,&quot;us_grid_filter_query_string&quot;:null,&quot;us_grid_index&quot;:1,&quot;page_args&quot;:[],&quot;lang&quot;:&quot;pt-pt&quot;}}'><\/div>\r\n\t<\/div><\/div><\/div><div class=\"wpb_column vc_column_container\"><div class=\"vc_column-inner\"><\/div><\/div><\/div><\/div><\/section><section class=\"l-section wpb_row height_large\"><div class=\"l-section-h i-cf\"><div class=\"g-cols vc_row via_grid cols_custom laptops-cols_inherit tablets-cols_inherit mobiles-cols_1 valign_top type_default stacking_default\" style=\"--custom-columns:0.5fr 5fr 0.5fr \"><div class=\"wpb_column vc_column_container\"><div class=\"vc_column-inner\"><\/div><\/div><div class=\"wpb_column vc_column_container\"><div class=\"vc_column-inner\"><div class=\"g-cols wpb_row caracteristicas3 via_grid cols_3 laptops-cols_inherit tablets-cols_inherit mobiles-cols_1 valign_top type_default stacking_default\" style=\"--gap:3rem;\"><div class=\"wpb_column vc_column_container\"><div class=\"vc_column-inner\"><div class=\"w-image imagen has_ratio align_none\"><div class=\"w-image-h\"><div style=\"padding-bottom:100%\"><\/div><img loading=\"lazy\" decoding=\"async\" width=\"600\" height=\"600\" src=\"https:\/\/fagorcomfortsolutions.es\/wp-content\/uploads\/2025\/03\/caldera-abajo-1.jpg\" class=\"attachment-large size-large\" alt=\"Caldera de gas fagor H2 Natur en cocina\" loading=\"lazy\" \/><\/div><\/div><div class=\"w-separator size_small\"><\/div><div class=\"wpb_text_column\"><div class=\"wpb_wrapper\"><h2><em><strong>H2NATUR<\/strong><\/em><\/h2>\n<\/div><\/div><div class=\"wpb_text_column\"><div class=\"wpb_wrapper\"><h3>Especialmente projetado para espa\u00e7os exclusivos<\/h3>\n<\/div><\/div><div class=\"w-separator size_small\"><\/div><div class=\"wpb_text_column\"><div class=\"wpb_wrapper\"><p>Projetado para <strong>quem valoriza est\u00e9tica e funcionalidade<\/strong>, o H2NATUR insere-se como mais um elemento de design em sua casa gra\u00e7as \u00e0s suas conex\u00f5es invis\u00edveis.<\/p>\n<\/div><\/div><\/div><\/div><div class=\"wpb_column vc_column_container\"><div class=\"vc_column-inner\"><div class=\"w-image imagen has_ratio align_none\"><div class=\"w-image-h\"><div style=\"padding-bottom:100%\"><\/div><img loading=\"lazy\" decoding=\"async\" width=\"600\" height=\"600\" src=\"https:\/\/fagorcomfortsolutions.es\/wp-content\/uploads\/2025\/03\/caldera-abajo-2.jpg\" class=\"attachment-large size-large\" alt=\"Caldera de gas Fagor biocondens26 en cocina\" loading=\"lazy\" \/><\/div><\/div><div class=\"w-separator size_small\"><\/div><div class=\"wpb_text_column\"><div class=\"wpb_wrapper\"><h2><em><strong>bioCONDENS 26<\/strong><\/em><\/h2>\n<\/div><\/div><div class=\"wpb_text_column\"><div class=\"wpb_wrapper\"><h3>Projetado para pequenos espa\u00e7os e substitui\u00e7\u00e3o<\/h3>\n<\/div><\/div><div class=\"w-separator size_small\"><\/div><div class=\"wpb_text_column\"><div class=\"wpb_wrapper\"><p>Com uma modula\u00e7\u00e3o real de 1:8 e um design compacto de apenas 25 cm de profundidade, <strong>permite uma f\u00e1cil integra\u00e7\u00e3o em qualquer espa\u00e7o<\/strong>.<\/p>\n<\/div><\/div><\/div><\/div><div class=\"wpb_column vc_column_container\"><div class=\"vc_column-inner\"><div class=\"w-image imagen has_ratio align_none\"><div class=\"w-image-h\"><div style=\"padding-bottom:100%\"><\/div><img loading=\"lazy\" decoding=\"async\" width=\"600\" height=\"600\" src=\"https:\/\/fagorcomfortsolutions.es\/wp-content\/uploads\/2025\/03\/caldera-abajo-4.jpg\" class=\"attachment-large size-large\" alt=\"Banner ba\u00f1o\" loading=\"lazy\" srcset=\"https:\/\/fagorcomfortsolutions.es\/wp-content\/uploads\/2025\/03\/caldera-abajo-4.jpg 600w, https:\/\/fagorcomfortsolutions.es\/wp-content\/uploads\/2025\/03\/caldera-abajo-4-300x300.jpg 300w, https:\/\/fagorcomfortsolutions.es\/wp-content\/uploads\/2025\/03\/caldera-abajo-4-150x150.jpg 150w\" sizes=\"auto, (max-width: 600px) 100vw, 600px\" \/><\/div><\/div><div class=\"w-separator size_small\"><\/div><div class=\"wpb_text_column\"><div class=\"wpb_wrapper\"><h2><em><strong>bioCONDENS 32<\/strong><\/em><\/h2>\n<\/div><\/div><div class=\"wpb_text_column\"><div class=\"wpb_wrapper\"><h3>Para casas com alta necessidade de \u00e1gua quente<\/h3>\n<\/div><\/div><div class=\"w-separator size_small\"><\/div><div class=\"wpb_text_column\"><div class=\"wpb_wrapper\"><p>Gra\u00e7as a uma capacidade <strong>de fluxo de \u00e1gua<\/strong> de 18,2 l\/min e um vazo de expans\u00e3o de <strong>10 litros<\/strong>.<\/p>\n<\/div><\/div><\/div><\/div><\/div><\/div><\/div><div class=\"wpb_column vc_column_container\"><div class=\"vc_column-inner\"><\/div><\/div><\/div><\/div><\/section>\n","protected":false},"excerpt":{"rendered":"Caldeira bioCONDENS 32 Caldeira\u00a0de pot\u00eancia nominal de\u00a033,6 kW em baixa temperatura com desempenho m\u00e1ximo (32 kW de pot\u00eancia \u00fatil) D\u00e9bito de\u00a018,2 litros\u00a0por minuto Vaso de expans\u00e3o\u00a0 de\u00a010\u00a0\u00a0litros Maximizar\u00a0o uso de H2 (Hidrog\u00eanio) Silencioso\u00a0(46 dB) Caldeira\u00a0de baixo NOx\u00a0. Classe 6 Alto isolamento t\u00e9cnico IPX5D\u00a0\u00a0que aumenta a vida \u00fatil das prote\u00e7\u00f5es Estabilidade da chama \u00a0gra\u00e7as ao seu...","protected":false},"author":1,"featured_media":5044,"parent":0,"menu_order":1,"comment_status":"closed","ping_status":"closed","template":"","meta":{"footnotes":""},"class_list":["post-5285","page","type-page","status-publish","has-post-thumbnail","hentry"],"_links":{"self":[{"href":"https:\/\/fagorcomfortsolutions.es\/pt-pt\/wp-json\/wp\/v2\/pages\/5285","targetHints":{"allow":["GET"]}}],"collection":[{"href":"https:\/\/fagorcomfortsolutions.es\/pt-pt\/wp-json\/wp\/v2\/pages"}],"about":[{"href":"https:\/\/fagorcomfortsolutions.es\/pt-pt\/wp-json\/wp\/v2\/types\/page"}],"author":[{"embeddable":true,"href":"https:\/\/fagorcomfortsolutions.es\/pt-pt\/wp-json\/wp\/v2\/users\/1"}],"replies":[{"embeddable":true,"href":"https:\/\/fagorcomfortsolutions.es\/pt-pt\/wp-json\/wp\/v2\/comments?post=5285"}],"version-history":[{"count":3,"href":"https:\/\/fagorcomfortsolutions.es\/pt-pt\/wp-json\/wp\/v2\/pages\/5285\/revisions"}],"predecessor-version":[{"id":5463,"href":"https:\/\/fagorcomfortsolutions.es\/pt-pt\/wp-json\/wp\/v2\/pages\/5285\/revisions\/5463"}],"wp:featuredmedia":[{"embeddable":true,"href":"https:\/\/fagorcomfortsolutions.es\/pt-pt\/wp-json\/wp\/v2\/media\/5044"}],"wp:attachment":[{"href":"https:\/\/fagorcomfortsolutions.es\/pt-pt\/wp-json\/wp\/v2\/media?parent=5285"}],"curies":[{"name":"wp","href":"https:\/\/api.w.org\/{rel}","templated":true}]}}