{"id":5295,"date":"2024-11-05T08:47:01","date_gmt":"2024-11-05T07:47:01","guid":{"rendered":"https:\/\/fagorcomfortsolutions.es\/?page_id=5295"},"modified":"2025-07-27T18:17:34","modified_gmt":"2025-07-27T16:17:34","slug":"energia-aerotermica","status":"publish","type":"page","link":"https:\/\/fagorcomfortsolutions.es\/pt-pt\/energia-aerotermica\/","title":{"rendered":"Energia aerot\u00e9rmica"},"content":{"rendered":"<section class=\"l-section wpb_row height_auto\"><div class=\"l-section-h i-cf\"><div class=\"g-cols vc_row via_grid cols_1 laptops-cols_inherit tablets-cols_inherit mobiles-cols_1 valign_top type_default stacking_default\"><div class=\"wpb_column vc_column_container\"><div class=\"vc_column-inner\"><\/div><\/div><\/div><\/div><\/section><section class=\"l-section wpb_row cabecera height_auto with_img\"><div class=\"l-section-img\" role=\"img\" data-img-width=\"1440\" data-img-height=\"747\" style=\"background-image: url(https:\/\/fagorcomfortsolutions.es\/wp-content\/uploads\/2025\/03\/Asesoramiento.jpg);background-repeat: no-repeat;\"><\/div><div class=\"l-section-overlay\" style=\"background:var(--color-content-primary)\"><\/div><div class=\"l-section-h i-cf\"><div class=\"g-cols vc_row via_grid cols_1 laptops-cols_inherit tablets-cols_inherit mobiles-cols_1 valign_top type_default stacking_default\"><div class=\"wpb_column vc_column_container\"><div class=\"vc_column-inner\"><div class=\"g-cols wpb_row via_grid cols_2 laptops-cols_inherit tablets-cols_inherit mobiles-cols_1 valign_bottom type_default stacking_default\" style=\"--gap:3rem;\"><div class=\"wpb_column vc_column_container\"><div class=\"vc_column-inner\"><div class=\"w-hwrapper valign_top align_left\"><div class=\"w-vwrapper cabecera-cont align_left valign_middle\"><div class=\"w-image imagen align_none\"><div class=\"w-image-h\"><img loading=\"lazy\" decoding=\"async\" width=\"1024\" height=\"1024\" src=\"https:\/\/fagorcomfortsolutions.es\/wp-content\/uploads\/2025\/03\/verde.svg\" class=\"attachment-large size-large\" alt=\"\" loading=\"lazy\" \/><\/div><\/div><div class=\"wpb_text_column us_custom_6df4bc3a texto has_text_color\"><div class=\"wpb_wrapper\"><h1><strong>Energia aerot\u00e9rmica<\/strong><\/h1>\n<h2>Saiba mais sobre nossa abordagem progressiva para implementar essa tecnologia<\/h2>\n<\/div><\/div><\/div><\/div><\/div><\/div><div class=\"wpb_column vc_column_container\"><div class=\"vc_column-inner\"><\/div><\/div><\/div><div class=\"g-cols wpb_row us_custom_60d0bd15 via_grid cols_2 laptops-cols_inherit tablets-cols_inherit mobiles-cols_1 valign_bottom type_default stacking_default\" style=\"--gap:6rem;--laptops-gap:6rem;--tablets-gap:3rem;--mobiles-gap:0.5rem;\"><div class=\"wpb_column vc_column_container\"><div class=\"vc_column-inner\"><div class=\"w-image us_custom_15a2201b imagen-prod us_animate_this align_right\"><div class=\"w-image-h\"><img loading=\"lazy\" decoding=\"async\" width=\"1024\" height=\"663\" src=\"https:\/\/fagorcomfortsolutions.es\/wp-content\/uploads\/2025\/03\/aerotermia-prod.png\" class=\"attachment-full size-full\" alt=\"Aerotermia Fagor\" loading=\"lazy\" \/><\/div><\/div><\/div><\/div><div class=\"wpb_column vc_column_container\"><div class=\"vc_column-inner\"><div class=\"w-btn-wrapper align_center\"><button class=\"w-btn us-btn-style_7 us_custom_15a2201b form-informacion us_animate_this\" onclick=\"return false\"><span class=\"w-btn-label\">Solicite informa\u00e7\u00f5es<\/span><\/button><\/div><\/div><\/div><\/div><div class=\"w-separator size_small\"><\/div><\/div><\/div><\/div><\/div><\/section><section class=\"l-section wpb_row height_large\"><div class=\"l-section-h i-cf\"><div class=\"g-cols vc_row via_grid cols_1 laptops-cols_inherit tablets-cols_inherit mobiles-cols_1 valign_top type_default stacking_default\"><div class=\"wpb_column vc_column_container\"><div class=\"vc_column-inner\"><div class=\"g-cols wpb_row via_grid cols_2-1 laptops-cols_inherit tablets-cols_inherit mobiles-cols_1 valign_top type_default stacking_default\" style=\"--gap:3rem;\"><div class=\"wpb_column vc_column_container\"><div class=\"vc_column-inner\"><div class=\"w-vwrapper align_none valign_top\" style=\"--vwrapper-gap:0.5rem\"><div class=\"wpb_text_column us_custom_6745946f has_text_color\"><div class=\"wpb_wrapper\"><h2 class=\"h1\"><strong>4 fases para uma implementa\u00e7\u00e3o progressiva<\/strong><\/h2>\n<\/div><\/div><div class=\"wpb_text_column\"><div class=\"wpb_wrapper\"><h3>N\u00e3o acreditamos em solu\u00e7\u00f5es \u00fanicas ou fechadas<\/h3>\n<\/div><\/div><div class=\"wpb_text_column\"><div class=\"wpb_wrapper\"><h6>Criamos combina\u00e7\u00f5es personalizadas e progressivas de bombas de calor com outros sistemas, para nos adaptarmos eficientemente \u00e0s necessidades energ\u00e9ticas e clim\u00e1ticas de cada casa.<\/h6>\n<\/div><\/div><\/div><\/div><\/div><div class=\"wpb_column vc_column_container\"><div class=\"vc_column-inner\"><\/div><\/div><\/div><div class=\"w-separator size_medium\"><\/div><div class=\"g-cols wpb_row caracteristicas3 via_grid cols_4 laptops-cols_inherit tablets-cols_inherit mobiles-cols_1 valign_top type_default stacking_default\" style=\"--gap:3rem;\"><div class=\"wpb_column vc_column_container\"><div class=\"vc_column-inner\"><div class=\"wpb_text_column\"><div class=\"wpb_wrapper\"><h2><strong><em>FASE 0<\/em><\/strong><\/h2>\n<h4>Assessoria<br \/>\nespecializada Fagor<\/h4>\n<\/div><\/div><div class=\"w-separator size_small\"><\/div><div class=\"wpb_text_column\"><div class=\"wpb_wrapper\"><p class=\"p1\">Nossa equipa t\u00e9cnica realizar\u00e1 um estudo personalizado com base nas suas necessidades e nos equipamentos que possui em casa.<\/p>\n<\/div><\/div><\/div><\/div><div class=\"wpb_column vc_column_container\"><div class=\"vc_column-inner\"><div class=\"wpb_text_column\"><div class=\"wpb_wrapper\"><h2><strong><em>FASE 1<\/em><\/strong><\/h2>\n<h4>Instalando o<br \/>\nsistema base<\/h4>\n<\/div><\/div><div class=\"w-separator size_small\"><\/div><div class=\"wpb_text_column\"><div class=\"wpb_wrapper\"><p class=\"p1\">Estabele\u00e7a a base para o sistema h\u00edbrido instalando uma bomba de calor aerot\u00e9rmica, que servir\u00e1 como n\u00facleo central.<\/p>\n<\/div><\/div><\/div><\/div><div class=\"wpb_column vc_column_container\"><div class=\"vc_column-inner\"><div class=\"wpb_text_column\"><div class=\"wpb_wrapper\"><h2><strong><em>FASE 2<\/em><\/strong><\/h2>\n<h4>Integra\u00e7\u00e3o com sistemas<br \/>\ndom\u00e9sticos existentes<\/h4>\n<\/div><\/div><div class=\"w-separator size_small\"><\/div><div class=\"wpb_text_column\"><div class=\"wpb_wrapper\"><p class=\"p1\">Adaptamos a bomba de calor aerot\u00e9rmica aos restantes sistemas j\u00e1 instalados.<\/p>\n<\/div><\/div><\/div><\/div><div class=\"wpb_column vc_column_container\"><div class=\"vc_column-inner\"><div class=\"wpb_text_column\"><div class=\"wpb_wrapper\"><h2><strong><em>FASE 3<\/em><\/strong><\/h2>\n<h4>Integra\u00e7\u00e3o progressiva<br \/>\nde outros sistemas<\/h4>\n<\/div><\/div><div class=\"w-separator size_small\"><\/div><div class=\"wpb_text_column\"><div class=\"wpb_wrapper\"><p class=\"p1\">Permite a incorpora\u00e7\u00e3o gradual de tecnologias complementares, adaptando-se ao or\u00e7amento.<\/p>\n<\/div><\/div><\/div><\/div><\/div><div class=\"w-separator size_medium\"><\/div><\/div><\/div><\/div><\/div><\/section><section class=\"l-section wpb_row height_auto\"><div class=\"l-section-h i-cf\"><div class=\"g-cols vc_row via_grid cols_1 laptops-cols_inherit tablets-cols_inherit mobiles-cols_1 valign_top type_default stacking_default\"><div class=\"wpb_column vc_column_container\"><div class=\"vc_column-inner\"><div class=\"g-cols wpb_row us_custom_bac0cbcc banner banner2 via_grid cols_2 laptops-cols_inherit tablets-cols_inherit mobiles-cols_1 valign_top type_default stacking_default\" style=\"--gap:3rem;\"><div class=\"wpb_column vc_column_container abajo\"><div class=\"vc_column-inner\"><div class=\"w-btn-wrapper align_center\"><button class=\"w-btn us-btn-style_7 us_custom_c2ce1b84 form-informacion us_animate_this\" onclick=\"return false\"><span class=\"w-btn-label\">Entre em contato com a equipa<\/span><\/button><\/div><\/div><\/div><div class=\"wpb_column vc_column_container\"><div class=\"vc_column-inner\"><div class=\"w-hwrapper valign_top align_right\"><div class=\"w-vwrapper banner-cont align_right valign_middle\"><div class=\"w-image imagen align_none\"><div class=\"w-image-h\"><img loading=\"lazy\" decoding=\"async\" width=\"1024\" height=\"1024\" src=\"https:\/\/fagorcomfortsolutions.es\/wp-content\/uploads\/2025\/03\/verde.svg\" class=\"attachment-large size-large\" alt=\"\" loading=\"lazy\" \/><\/div><\/div><div class=\"wpb_text_column us_custom_6df4bc3a texto has_text_color\"><div class=\"wpb_wrapper\"><h2><strong>Acompanhamento<br \/>\nGRATUITO<\/strong><\/h2>\n<h3>No projeto, instala\u00e7\u00e3o<br \/>\ne na coloca\u00e7\u00e3o em funcionamento<\/h3>\n<\/div><\/div><\/div><\/div><\/div><\/div><\/div><\/div><\/div><\/div><\/div><\/section><section class=\"l-section wpb_row height_large\"><div class=\"l-section-h i-cf\"><div class=\"g-cols vc_row via_grid cols_custom laptops-cols_inherit tablets-cols_inherit mobiles-cols_1 valign_top type_default stacking_default\" style=\"--custom-columns:0.5fr 5fr 0.5fr \"><div class=\"wpb_column vc_column_container\"><div class=\"vc_column-inner\"><\/div><\/div><div class=\"wpb_column vc_column_container\"><div class=\"vc_column-inner\"><div class=\"w-vwrapper align_center valign_top\" style=\"--vwrapper-gap:0.5rem\"><div class=\"wpb_text_column us_custom_6745946f has_text_color\"><div class=\"wpb_wrapper\"><h2 class=\"h1\"><strong>Sistemas exclusivos Fagor<\/strong><\/h2>\n<\/div><\/div><div class=\"wpb_text_column\"><div class=\"wpb_wrapper\"><h3>Adaptado \u00e0s diferentes fases de implementa\u00e7\u00e3o<\/h3>\n<\/div><\/div><\/div><div class=\"w-separator hide_on_default hide_on_laptops size_medium\"><\/div><div class=\"w-separator size_medium\"><\/div><div class=\"g-cols wpb_row caracteristicas3 via_grid cols_3 laptops-cols_inherit tablets-cols_inherit mobiles-cols_1 valign_top type_default stacking_default\" style=\"--gap:3rem;\"><div class=\"wpb_column vc_column_container\"><div class=\"vc_column-inner\"><div class=\"w-image imagen has_ratio align_none\"><div class=\"w-image-h\"><div style=\"padding-bottom:100%\"><\/div><img loading=\"lazy\" decoding=\"async\" width=\"227\" height=\"226\" src=\"https:\/\/fagorcomfortsolutions.es\/wp-content\/uploads\/2025\/03\/sistema-core.jpg\" class=\"attachment-large size-large\" alt=\"Icono Sistema Core\" loading=\"lazy\" srcset=\"https:\/\/fagorcomfortsolutions.es\/wp-content\/uploads\/2025\/03\/sistema-core.jpg 227w, https:\/\/fagorcomfortsolutions.es\/wp-content\/uploads\/2025\/03\/sistema-core-150x150.jpg 150w\" sizes=\"auto, (max-width: 227px) 100vw, 227px\" \/><\/div><\/div><div class=\"w-separator size_small\"><\/div><div class=\"wpb_text_column\"><div class=\"wpb_wrapper\"><h2><em><strong>Sistema CORE<\/strong><\/em><\/h2>\n<h4>M\u00e1xima poupan\u00e7a<br \/>\nProgressiva e flex\u00edvel<br \/>\nRentabilidade r\u00e1pida<\/h4>\n<\/div><\/div><div class=\"w-separator size_small\"><\/div><div class=\"wpb_text_column\"><div class=\"wpb_wrapper\"><p><strong>Aquecimento e\/ou arrefecimento<\/strong>: A solu\u00e7\u00e3o essencial para quem quer economizar onde mais dinheiro gasta: aquecimento.<\/p>\n<p>\u00c9 progressivamente expans\u00edvel e garante um r\u00e1pido retorno do investimento.<\/p>\n<\/div><\/div><\/div><\/div><div class=\"wpb_column vc_column_container\"><div class=\"vc_column-inner\"><div class=\"w-image imagen has_ratio align_none\"><div class=\"w-image-h\"><div style=\"padding-bottom:100%\"><\/div><img loading=\"lazy\" decoding=\"async\" width=\"227\" height=\"226\" src=\"https:\/\/fagorcomfortsolutions.es\/wp-content\/uploads\/2025\/03\/sistema-hybrid.jpg\" class=\"attachment-large size-large\" alt=\"Icono Sistema Hybrid\" loading=\"lazy\" srcset=\"https:\/\/fagorcomfortsolutions.es\/wp-content\/uploads\/2025\/03\/sistema-hybrid.jpg 227w, https:\/\/fagorcomfortsolutions.es\/wp-content\/uploads\/2025\/03\/sistema-hybrid-150x150.jpg 150w\" sizes=\"auto, (max-width: 227px) 100vw, 227px\" \/><\/div><\/div><div class=\"w-separator size_small\"><\/div><div class=\"wpb_text_column\"><div class=\"wpb_wrapper\"><h2><em><strong>Sistema HYBRID<\/strong><\/em><\/h2>\n<h4>Maior efici\u00eancia e seguran\u00e7a<br \/>\nExpans\u00edvel e flex\u00edvel<br \/>\nEconomia inteligente<\/h4>\n<\/div><\/div><div class=\"w-separator size_small\"><\/div><div class=\"wpb_text_column\"><div class=\"wpb_wrapper\"><p><strong>Aquecimento e\/ou arrefecimento complementados com uma bomba de calor AQS ao seu ritmo<\/strong>: Este sistema h\u00edbrido combina duas unidades independentes: uma para gerar calor ou frio na casa e outra para produzir \u00e1gua quente sanit\u00e1ria (AQS) simultaneamente.<\/p>\n<\/div><\/div><\/div><\/div><div class=\"wpb_column vc_column_container\"><div class=\"vc_column-inner\"><div class=\"w-image imagen has_ratio align_none\"><div class=\"w-image-h\"><div style=\"padding-bottom:100%\"><\/div><img loading=\"lazy\" decoding=\"async\" width=\"227\" height=\"226\" src=\"https:\/\/fagorcomfortsolutions.es\/wp-content\/uploads\/2025\/03\/sistema-compact.jpg\" class=\"attachment-large size-large\" alt=\"Icono Sistema Compact\" loading=\"lazy\" srcset=\"https:\/\/fagorcomfortsolutions.es\/wp-content\/uploads\/2025\/03\/sistema-compact.jpg 227w, https:\/\/fagorcomfortsolutions.es\/wp-content\/uploads\/2025\/03\/sistema-compact-150x150.jpg 150w\" sizes=\"auto, (max-width: 227px) 100vw, 227px\" \/><\/div><\/div><div class=\"w-separator size_small\"><\/div><div class=\"wpb_text_column\"><div class=\"wpb_wrapper\"><h2><em><strong>Sistema COMPACT<\/strong><\/em><\/h2>\n<h4>Efici\u00eancia total<br \/>\nInstala\u00e7\u00e3o r\u00e1pida e econ\u00f3mica<br \/>\nMaior economia de energia<\/h4>\n<\/div><\/div><div class=\"w-separator size_small\"><\/div><div class=\"wpb_text_column\"><div class=\"wpb_wrapper\"><p><strong>Aquecimento e\/ou arrefecimento + AQS num \u00fanico sistema<\/strong>: A solu\u00e7\u00e3o completa que combina aquecimento, arrefecimento e \u00c1gua Quente Sanit\u00e1ria (AQS) num \u00fanico sistema fechado.<\/p>\n<p>Este design completo otimiza o uso do espa\u00e7o e reduz o tempo e os custos de instala\u00e7\u00e3o.<\/p>\n<\/div><\/div><\/div><\/div><\/div><\/div><\/div><div class=\"wpb_column vc_column_container\"><div class=\"vc_column-inner\"><\/div><\/div><\/div><\/div><\/section><section class=\"l-section wpb_row height_large\" id=\"productos\"><div class=\"l-section-h i-cf\"><div class=\"g-cols vc_row via_grid cols_custom laptops-cols_inherit tablets-cols_inherit mobiles-cols_1 valign_top type_default stacking_default\" style=\"--custom-columns:0.5fr 5fr 0.5fr \"><div class=\"wpb_column vc_column_container\"><div class=\"vc_column-inner\"><\/div><\/div><div class=\"wpb_column vc_column_container\"><div class=\"vc_column-inner\"><div class=\"w-vwrapper align_center valign_top\" style=\"--vwrapper-gap:0.5rem\"><div class=\"wpb_text_column us_custom_6745946f has_text_color\"><div class=\"wpb_wrapper\"><h2 class=\"h1\"><strong>Descubra a nossa gama de produtos<\/strong><\/h2>\n<\/div><\/div><div class=\"wpb_text_column\"><div class=\"wpb_wrapper\"><h3>Para solu\u00e7\u00f5es de aerotermia<\/h3>\n<\/div><\/div><\/div><div class=\"w-separator size_medium\"><\/div><div class=\"w-grid type_grid layout_249 cols_3 with_css_animation\" id=\"us_grid_1\" style=\"--gap:1rem;\" data-filterable=\"true\"><style>@media (max-width:1024px){#us_grid_1 .w-grid-item{width:50%}}@media (max-width:600px){#us_grid_1 .w-grid-list{margin:0}#us_grid_1 .w-grid-item{width:100%;padding:0;margin-bottom:var(--gap,0px)}}.layout_249 .w-grid-item-h{}.layout_249 .usg_post_title_1{color:var(--color-content-primary)!important;text-align:inherit!important;font-weight:500!important}.layout_249 .usg_post_taxonomy_1{color:var(--color-content-primary)!important;text-align:inherit!important;font-size:0.7rem!important}.layout_249 .usg_vwrapper_1{padding-right:10%!important}.layout_249 .usg_post_image_1{width:80%!important;margin-bottom:1rem!important}.layout_249 .usg_post_taxonomy_2{text-align:inherit!important;font-size:1.3rem!important}.layout_249 .usg_vwrapper_2{margin-bottom:1rem!important}.layout_249 .usg_post_content_1{color:#737373!important;text-align:inherit!important;font-size:0.9rem!important;line-height:1.3!important}@media (min-width:1025px) and (max-width:1380px){.layout_249 .usg_post_title_1{color:var(--color-content-primary)!important;text-align:inherit!important;font-weight:500!important}.layout_249 .usg_post_taxonomy_1{color:var(--color-content-primary)!important;text-align:inherit!important;font-size:0.7rem!important}.layout_249 .usg_vwrapper_1{padding-right:10%!important}.layout_249 .usg_post_image_1{width:80%!important;margin-bottom:1rem!important}.layout_249 .usg_post_taxonomy_2{text-align:inherit!important;font-size:1.3rem!important}.layout_249 .usg_post_content_1{color:#737373!important;text-align:inherit!important;font-size:0.9rem!important;line-height:1.3!important}}@media (min-width:601px) and (max-width:1024px){.layout_249 .usg_post_title_1{color:var(--color-content-primary)!important;text-align:inherit!important;font-weight:500!important}.layout_249 .usg_post_taxonomy_1{color:var(--color-content-primary)!important;text-align:inherit!important;font-size:0.7rem!important}.layout_249 .usg_vwrapper_1{padding-right:10%!important}.layout_249 .usg_post_image_1{width:70%!important;margin-left:0!important;margin-bottom:1rem!important}.layout_249 .usg_post_taxonomy_2{text-align:inherit!important;font-size:1.3rem!important}.layout_249 .usg_post_content_1{color:#737373!important;text-align:inherit!important;font-size:0.9rem!important;line-height:1.3!important}}@media (max-width:600px){.layout_249 .usg_post_title_1{color:var(--color-content-primary)!important;text-align:center!important;font-weight:500!important}.layout_249 .usg_post_taxonomy_1{color:var(--color-content-primary)!important;text-align:center!important;font-size:0.7rem!important}.layout_249 .usg_vwrapper_1{padding-right:0!important}.layout_249 .usg_post_image_1{width:60%!important;margin-left:4rem!important;margin-bottom:1rem!important}.layout_249 .usg_post_taxonomy_2{text-align:center!important;font-size:1.3rem!important}.layout_249 .usg_hwrapper_1{margin-bottom:2rem!important}.layout_249 .usg_post_content_1{color:#737373!important;text-align:center!important;font-size:0.9rem!important;line-height:1.3!important;padding-left:2rem!important;padding-right:2rem!important}}<\/style><div class=\"w-grid-list\">\t<article class=\"w-grid-item us_animate_afb size_1x1 post-5455 us_portfolio type-us_portfolio status-publish has-post-thumbnail hentry us_portfolio_category-aerotermia-pt-pt\" data-id=\"5455\" style=\"animation-delay:0s\">\r\n\t\t<div class=\"w-grid-item-h\">\r\n\t\t\t\t\t\t<div class=\"w-post-elm post_image usg_post_image_1 has_width\"><a href=\"https:\/\/fagorcomfortsolutions.es\/pt-pt\/productos\/aero-ecota\/\" aria-label=\"AERO ecoTA\"><img fetchpriority=\"high\" decoding=\"async\" width=\"703\" height=\"909\" src=\"https:\/\/fagorcomfortsolutions.es\/wp-content\/uploads\/2024\/11\/aero-ecoTa.jpg\" class=\"attachment-full size-full wp-post-image\" alt=\"Aerotermia Eco Ta\" srcset=\"https:\/\/fagorcomfortsolutions.es\/wp-content\/uploads\/2024\/11\/aero-ecoTa.jpg 703w, https:\/\/fagorcomfortsolutions.es\/wp-content\/uploads\/2024\/11\/aero-ecoTa-232x300.jpg 232w\" sizes=\"(max-width: 703px) 100vw, 703px\" \/><\/a><\/div><div class=\"w-vwrapper usg_vwrapper_1\" style=\"--vwrapper-gap:1.5rem\"><div class=\"w-vwrapper usg_vwrapper_2\" style=\"--vwrapper-gap:0rem\"><div class=\"w-post-elm post_taxonomy usg_post_taxonomy_2 style_simple color_link_inherit\"><span class=\"term-56 term-aerotermia-pt-pt\">Aerotermia<\/span><\/div><h3 class=\"w-post-elm post_title usg_post_title_1 has_text_color entry-title color_link_inherit\"><a href=\"https:\/\/fagorcomfortsolutions.es\/pt-pt\/productos\/aero-ecota\/\">AERO ecoTA<\/a><\/h3><\/div><div class=\"w-vwrapper usg_vwrapper_4\" style=\"--vwrapper-gap:1rem\"><div class=\"w-post-elm post_content usg_post_content_1 has_text_color\"><p>A base perfeita para sistemas h\u00edbridos, combinando energia aerot\u00e9rmica e outras fontes de energia para aquecimento e AQS mais eficientes e sustent\u00e1veis.<\/p>\n<\/div><div class=\"w-hwrapper usg_hwrapper_1 default_align_none laptops_align_none tablets_align_none mobiles_align_center\"><a class=\"w-btn us-btn-style_5 usg_btn_1\" href=\"https:\/\/fagorcomfortsolutions.es\/pt-pt\/productos\/aero-ecota\/\"><span class=\"w-btn-label\">Mais informa\u00e7\u00f5es<\/span><\/a><\/div><\/div><\/div>\t\t<\/div>\r\n\t\t\t<\/article>\r\n\t<article class=\"w-grid-item us_animate_afb size_1x1 post-5456 us_portfolio type-us_portfolio status-publish has-post-thumbnail hentry us_portfolio_category-aerotermia-pt-pt\" data-id=\"5456\" style=\"animation-delay:0.1s\">\r\n\t\t<div class=\"w-grid-item-h\">\r\n\t\t\t\t\t\t<div class=\"w-post-elm post_image usg_post_image_1 has_width\"><a href=\"https:\/\/fagorcomfortsolutions.es\/pt-pt\/productos\/aero-multi\/\" aria-label=\"AERO Multi\"><img decoding=\"async\" width=\"703\" height=\"909\" src=\"https:\/\/fagorcomfortsolutions.es\/wp-content\/uploads\/2024\/11\/aero-multi.jpg\" class=\"attachment-full size-full wp-post-image\" alt=\"Aerotermia Multi\" srcset=\"https:\/\/fagorcomfortsolutions.es\/wp-content\/uploads\/2024\/11\/aero-multi.jpg 703w, https:\/\/fagorcomfortsolutions.es\/wp-content\/uploads\/2024\/11\/aero-multi-232x300.jpg 232w\" sizes=\"(max-width: 703px) 100vw, 703px\" \/><\/a><\/div><div class=\"w-vwrapper usg_vwrapper_1\" style=\"--vwrapper-gap:1.5rem\"><div class=\"w-vwrapper usg_vwrapper_2\" style=\"--vwrapper-gap:0rem\"><div class=\"w-post-elm post_taxonomy usg_post_taxonomy_2 style_simple color_link_inherit\"><span class=\"term-56 term-aerotermia-pt-pt\">Aerotermia<\/span><\/div><h3 class=\"w-post-elm post_title usg_post_title_1 has_text_color entry-title color_link_inherit\"><a href=\"https:\/\/fagorcomfortsolutions.es\/pt-pt\/productos\/aero-multi\/\">AERO Multi<\/a><\/h3><\/div><div class=\"w-vwrapper usg_vwrapper_4\" style=\"--vwrapper-gap:1rem\"><div class=\"w-post-elm post_content usg_post_content_1 has_text_color\"><p>Sistema de bomba de calor de fonte de ar com m\u00f3dulo de AQS independente. Fornece aquecimento, arrefecimento e \u00e1gua quente com m\u00e1xima efici\u00eancia.<\/p>\n<\/div><div class=\"w-hwrapper usg_hwrapper_1 default_align_none laptops_align_none tablets_align_none mobiles_align_center\"><a class=\"w-btn us-btn-style_5 usg_btn_1\" href=\"https:\/\/fagorcomfortsolutions.es\/pt-pt\/productos\/aero-multi\/\"><span class=\"w-btn-label\">Mais informa\u00e7\u00f5es<\/span><\/a><\/div><\/div><\/div>\t\t<\/div>\r\n\t\t\t<\/article>\r\n\t<article class=\"w-grid-item us_animate_afb size_1x1 post-5457 us_portfolio type-us_portfolio status-publish has-post-thumbnail hentry us_portfolio_category-aerotermia-pt-pt\" data-id=\"5457\" style=\"animation-delay:0.2s\">\r\n\t\t<div class=\"w-grid-item-h\">\r\n\t\t\t\t\t\t<div class=\"w-post-elm post_image usg_post_image_1 has_width\"><a href=\"https:\/\/fagorcomfortsolutions.es\/pt-pt\/productos\/aero-compact\/\" aria-label=\"AERO Compact\"><img decoding=\"async\" width=\"703\" height=\"909\" src=\"https:\/\/fagorcomfortsolutions.es\/wp-content\/uploads\/2024\/11\/aero-compact.jpg\" class=\"attachment-full size-full wp-post-image\" alt=\"Aerotermia Compact\" srcset=\"https:\/\/fagorcomfortsolutions.es\/wp-content\/uploads\/2024\/11\/aero-compact.jpg 703w, https:\/\/fagorcomfortsolutions.es\/wp-content\/uploads\/2024\/11\/aero-compact-232x300.jpg 232w\" sizes=\"(max-width: 703px) 100vw, 703px\" \/><\/a><\/div><div class=\"w-vwrapper usg_vwrapper_1\" style=\"--vwrapper-gap:1.5rem\"><div class=\"w-vwrapper usg_vwrapper_2\" style=\"--vwrapper-gap:0rem\"><div class=\"w-post-elm post_taxonomy usg_post_taxonomy_2 style_simple color_link_inherit\"><span class=\"term-56 term-aerotermia-pt-pt\">Aerotermia<\/span><\/div><h3 class=\"w-post-elm post_title usg_post_title_1 has_text_color entry-title color_link_inherit\"><a href=\"https:\/\/fagorcomfortsolutions.es\/pt-pt\/productos\/aero-compact\/\">AERO Compact<\/a><\/h3><\/div><div class=\"w-vwrapper usg_vwrapper_4\" style=\"--vwrapper-gap:1rem\"><div class=\"w-post-elm post_content usg_post_content_1 has_text_color\"><p>Uma solu\u00e7\u00e3o completa, compacta e eficiente que integra aquecimento, arrefecimento e AQS num \u00fanico sistema<\/p>\n<\/div><div class=\"w-hwrapper usg_hwrapper_1 default_align_none laptops_align_none tablets_align_none mobiles_align_center\"><a class=\"w-btn us-btn-style_5 usg_btn_1\" href=\"https:\/\/fagorcomfortsolutions.es\/pt-pt\/productos\/aero-compact\/\"><span class=\"w-btn-label\">Mais informa\u00e7\u00f5es<\/span><\/a><\/div><\/div><\/div>\t\t<\/div>\r\n\t\t\t<\/article>\r\n<\/div><div class=\"w-grid-preloader\">\t<div class=\"g-preloader type_4\">\r\n\t\t<div><\/div>\r\n\t<\/div>\r\n\t<\/div>\t<div class=\"w-grid-json hidden\" onclick='return {&quot;action&quot;:&quot;us_ajax_grid&quot;,&quot;infinite_scroll&quot;:0,&quot;max_num_pages&quot;:1,&quot;pagination&quot;:&quot;none&quot;,&quot;template_vars&quot;:{&quot;columns&quot;:&quot;3&quot;,&quot;exclude_items&quot;:&quot;none&quot;,&quot;img_size&quot;:&quot;default&quot;,&quot;ignore_items_size&quot;:0,&quot;items_layout&quot;:&quot;249&quot;,&quot;items_offset&quot;:&quot;1&quot;,&quot;load_animation&quot;:&quot;afb&quot;,&quot;overriding_link&quot;:&quot;%7B%22url%22%3A%22%22%7D&quot;,&quot;post_id&quot;:0,&quot;query_args&quot;:{&quot;post_type&quot;:[&quot;us_portfolio&quot;],&quot;tax_query&quot;:[{&quot;taxonomy&quot;:&quot;us_portfolio_category&quot;,&quot;field&quot;:&quot;slug&quot;,&quot;terms&quot;:[&quot;aerotermia&quot;]}],&quot;post_status&quot;:[&quot;publish&quot;],&quot;posts_per_page&quot;:999},&quot;orderby_query_args&quot;:{&quot;orderby&quot;:{&quot;date&quot;:&quot;ASC&quot;}},&quot;type&quot;:&quot;grid&quot;,&quot;us_grid_post_type&quot;:&quot;us_portfolio&quot;,&quot;us_grid_ajax_index&quot;:1,&quot;us_grid_filter_query_string&quot;:null,&quot;us_grid_index&quot;:1,&quot;page_args&quot;:[],&quot;lang&quot;:&quot;pt-pt&quot;}}'><\/div>\r\n\t<\/div><\/div><\/div><div class=\"wpb_column vc_column_container\"><div class=\"vc_column-inner\"><\/div><\/div><\/div><\/div><\/section><section class=\"l-section wpb_row height_auto\"><div class=\"l-section-h i-cf\"><div class=\"g-cols vc_row via_grid cols_1 laptops-cols_inherit tablets-cols_inherit mobiles-cols_1 valign_top type_default stacking_default\"><div class=\"wpb_column vc_column_container\"><div class=\"vc_column-inner\"><div class=\"g-cols wpb_row us_custom_478f40d4 banner banner1 via_grid cols_2 laptops-cols_inherit tablets-cols_inherit mobiles-cols_1 valign_bottom type_default stacking_default\" style=\"--gap:3rem;\"><div class=\"wpb_column vc_column_container\"><div class=\"vc_column-inner\"><div class=\"w-hwrapper valign_top align_left\"><div class=\"w-vwrapper banner-cont align_left valign_middle\"><div class=\"w-image imagen align_none\"><div class=\"w-image-h\"><img loading=\"lazy\" decoding=\"async\" width=\"1024\" height=\"1024\" src=\"https:\/\/fagorcomfortsolutions.es\/wp-content\/uploads\/2025\/03\/verde.svg\" class=\"attachment-large size-large\" alt=\"\" loading=\"lazy\" \/><\/div><\/div><div class=\"wpb_text_column us_custom_6df4bc3a texto has_text_color\"><div class=\"wpb_wrapper\"><h2><strong>Comece a economizar<br \/>\ncom as solu\u00e7\u00f5es<br \/>\nde Aerotermia da Fagor<\/strong><\/h2>\n<h3>A nossa equipa ir\u00e1 ajud\u00e1-lo<br \/>\ncom a melhor solu\u00e7\u00e3o<\/h3>\n<\/div><\/div><\/div><\/div><\/div><\/div><div class=\"wpb_column vc_column_container\"><div class=\"vc_column-inner\"><div class=\"w-btn-wrapper align_center\"><button class=\"w-btn us-btn-style_7 us_custom_e52ca2c9 form-informacion us_animate_this\" onclick=\"return false\"><span class=\"w-btn-label\">Solicite informa\u00e7\u00f5es<\/span><\/button><\/div><\/div><\/div><\/div><div class=\"w-separator size_large\"><\/div><\/div><\/div><\/div><\/div><\/section>\n","protected":false},"excerpt":{"rendered":"Aerotermia AERO COMPACT Equipamento\u00a0completo Bomba de calor ar-\u00e1gua\u00a0monobloco Alta temperatura\u00a075\u00baC para aquecimento Refrigerante\u00a0R290 Tanque de in\u00e9rcia integrado\u00a050\/80 litros Tanque de \u00e1gua quente de a\u00e7o inoxid\u00e1vel de 200 L 4 n\u00edveis de pot\u00eancia\u00a0: 6, 9, 12, 16 kW ico-5anos ico-r290-1 ico-aaa-1 ico-dep-inox-1 ico-deposito-1 ico-compact-1 MODELOS COMPACT 6fCOMPACT 6cCOMPACT 9fCOMPACT 9cCOMPACT 12fCOMPACT 12cCOMPACT 16fCOMPACT 16cCOMPACT 6f SET...","protected":false},"author":1,"featured_media":5050,"parent":0,"menu_order":6,"comment_status":"closed","ping_status":"closed","template":"","meta":{"footnotes":""},"class_list":["post-5295","page","type-page","status-publish","has-post-thumbnail","hentry"],"_links":{"self":[{"href":"https:\/\/fagorcomfortsolutions.es\/pt-pt\/wp-json\/wp\/v2\/pages\/5295","targetHints":{"allow":["GET"]}}],"collection":[{"href":"https:\/\/fagorcomfortsolutions.es\/pt-pt\/wp-json\/wp\/v2\/pages"}],"about":[{"href":"https:\/\/fagorcomfortsolutions.es\/pt-pt\/wp-json\/wp\/v2\/types\/page"}],"author":[{"embeddable":true,"href":"https:\/\/fagorcomfortsolutions.es\/pt-pt\/wp-json\/wp\/v2\/users\/1"}],"replies":[{"embeddable":true,"href":"https:\/\/fagorcomfortsolutions.es\/pt-pt\/wp-json\/wp\/v2\/comments?post=5295"}],"version-history":[{"count":1,"href":"https:\/\/fagorcomfortsolutions.es\/pt-pt\/wp-json\/wp\/v2\/pages\/5295\/revisions"}],"predecessor-version":[{"id":5296,"href":"https:\/\/fagorcomfortsolutions.es\/pt-pt\/wp-json\/wp\/v2\/pages\/5295\/revisions\/5296"}],"wp:featuredmedia":[{"embeddable":true,"href":"https:\/\/fagorcomfortsolutions.es\/pt-pt\/wp-json\/wp\/v2\/media\/5050"}],"wp:attachment":[{"href":"https:\/\/fagorcomfortsolutions.es\/pt-pt\/wp-json\/wp\/v2\/media?parent=5295"}],"curies":[{"name":"wp","href":"https:\/\/api.w.org\/{rel}","templated":true}]}}