{"id":5308,"date":"2024-11-14T14:55:21","date_gmt":"2024-11-14T13:55:21","guid":{"rendered":"https:\/\/fagorcomfortsolutions.es\/?page_id=5308"},"modified":"2025-07-29T10:11:51","modified_gmt":"2025-07-29T08:11:51","slug":"fagor-renova","status":"publish","type":"page","link":"https:\/\/fagorcomfortsolutions.es\/pt-pt\/fagor-renova\/","title":{"rendered":"Fagor Renova"},"content":{"rendered":"<section class=\"l-section wpb_row us_custom_7fbba66f height_auto color_primary\"><div class=\"l-section-overlay\" style=\"background:rgba(228,35,19,0.85)\"><\/div><div class=\"l-section-h i-cf\"><div class=\"g-cols vc_row via_grid cols_2-1 laptops-cols_inherit tablets-cols_inherit mobiles-cols_1 valign_top type_default stacking_default\"><div class=\"wpb_column vc_column_container\"><div class=\"vc_column-inner\"><div class=\"w-separator size_large\"><\/div><div class=\"w-hwrapper valign_top align_justify\"><div class=\"w-vwrapper align_none valign_top\" style=\"--vwrapper-gap:0.5rem\"><div class=\"w-image us_custom_3000a3fb hide_on_default hide_on_laptops hide_on_tablets hide_on_mobiles align_none\"><div class=\"w-image-h\"><img loading=\"lazy\" decoding=\"async\" width=\"300\" height=\"300\" src=\"https:\/\/fagorcomfortsolutions.es\/wp-content\/uploads\/2024\/11\/fagor-CS-blanco.svg\" class=\"attachment-medium size-medium\" alt=\"Logo FCS Blanco\" loading=\"lazy\" \/><\/div><\/div><div class=\"w-separator size_small\"><\/div><div class=\"wpb_text_column\"><div class=\"wpb_wrapper\"><h1><b>Economize at\u00e9 40% em aquecimento e 10% em \u00e1gua quente<\/b><\/h1>\n<\/div><\/div><div class=\"wpb_text_column\"><div class=\"wpb_wrapper\"><h2><span>Com as novas caldeiras de condensa\u00e7\u00e3o Fagor<\/span><\/h2>\n<\/div><\/div><div class=\"w-separator hide_on_mobiles size_medium\"><\/div><\/div><\/div><\/div><\/div><div class=\"wpb_column vc_column_container us_custom_96c1631d has_bg_color\"><div class=\"vc_column-inner\"><div class=\"w-separator size_huge\"><\/div><div class=\"w-separator size_huge\"><\/div><div class=\"w-separator size_huge\"><\/div><div class=\"w-separator size_huge\"><\/div><\/div><\/div><\/div><\/div><\/section><section class=\"l-section wpb_row height_medium\"><div class=\"l-section-h i-cf\"><div class=\"g-cols vc_row via_grid cols_2-1 laptops-cols_inherit tablets-cols_inherit mobiles-cols_1 valign_top type_default reversed stacking_default\" style=\"--gap:6rem;\"><div class=\"wpb_column vc_column_container\"><div class=\"vc_column-inner\"><div class=\"g-cols wpb_row us_custom_17d1d4e9 via_grid cols_2-1 laptops-cols_inherit tablets-cols_inherit mobiles-cols_1 valign_top type_default stacking_default\" style=\"--gap:3rem;\"><div class=\"wpb_column vc_column_container\"><div class=\"vc_column-inner\"><div class=\"wpb_text_column\"><div class=\"wpb_wrapper\"><h2><strong><em>Renovar Fagor<\/em><br \/>\n<\/strong>Aproveite a oferta exclusiva<\/h2>\n<\/div><\/div><div class=\"w-separator size_small\"><\/div><div class=\"wpb_text_column\"><div class=\"wpb_wrapper\"><ul>\n<li aria-level=\"1\"><strong>Garantia TOTAL de 5 anos<\/strong><span>. Inclui pe\u00e7as, m\u00e3o de obra e desloca\u00e7\u00e3o (valor de \u20ac 250)*.<\/span><\/li>\n<li aria-level=\"1\"><span>Caldeira de condensa\u00e7\u00e3o\u00a0<\/span><strong>H2 ready<\/strong><\/li>\n<li aria-level=\"1\"><span>Instala\u00e7\u00e3o por um\u00a0<\/span><strong>instalador autorizado<\/strong><\/li>\n<li aria-level=\"1\"><span>Coloca\u00e7\u00e3o em funcionamento pelo\u00a0<\/span><strong>SAT oficial<\/strong><\/li>\n<li aria-level=\"1\"><strong>Novo<\/strong><span><strong>\u00a0<\/strong>na ind\u00fastria<\/span><\/li>\n<li aria-level=\"1\"><strong>Financiamento<\/strong><span><strong>\u00a0<\/strong>de 12 a 60 meses<\/span><\/li>\n<\/ul>\n<p>*<span>Promo\u00e7\u00e3o sujeita \u00e0 contrata\u00e7\u00e3o de servi\u00e7os de manuten\u00e7\u00e3o preventiva no Servi\u00e7o T\u00e9cnico Oficial da Fagor<\/span>.<\/p>\n<\/div><\/div><div class=\"w-separator size_medium\"><\/div><div class=\"wpb_text_column\"><div class=\"wpb_wrapper\"><h3><strong><span>Pe\u00e7a-nos um or\u00e7amento gratuito!<\/span><\/strong><\/h3>\n<\/div><\/div><\/div><\/div><div class=\"wpb_column vc_column_container\"><div class=\"vc_column-inner\"><div class=\"wpb_text_column\"><div class=\"wpb_wrapper\"><p><img fetchpriority=\"high\" decoding=\"async\" fetchpriority=\"high\" class=\"alignnone wp-image-2507 size-full\" src=\"https:\/\/fagorcomfortsolutions.es\/wp-content\/uploads\/2025\/01\/Sin-titulo-1.png\" alt=\"Fagor 5 a\u00f1os de garant\u00eda\" width=\"577\" height=\"902\" srcset=\"https:\/\/fagorcomfortsolutions.es\/wp-content\/uploads\/2025\/01\/Sin-titulo-1.png 577w, https:\/\/fagorcomfortsolutions.es\/wp-content\/uploads\/2025\/01\/Sin-titulo-1-192x300.png 192w\" sizes=\"(max-width: 577px) 100vw, 577px\" \/><\/p>\n<\/div><\/div><\/div><\/div><\/div><div class=\"w-separator size_medium\"><\/div><div class=\"w-separator size_medium\"><\/div><div class=\"wpb_text_column\"><div class=\"wpb_wrapper\"><h2><strong><em>Caldeiras H2Ready Fagor<\/em><\/strong><br \/>\n<span>Preparadas para a transi\u00e7\u00e3o energ\u00e9tica. Tecnologia projetada para menor consumo e maior economia.<\/span><\/h2>\n<\/div><\/div><div class=\"w-separator size_small\"><\/div><div class=\"g-cols wpb_row us_custom_17d1d4e9 via_grid cols_1 laptops-cols_inherit tablets-cols_inherit mobiles-cols_1 valign_top type_default stacking_default\" style=\"--gap:3rem;\"><div class=\"wpb_column vc_column_container\"><div class=\"vc_column-inner\"><div class=\"w-grid type_grid layout_1769 cols_2\" id=\"us_grid_1\" style=\"--gap:1rem;\" data-filterable=\"true\"><style>@media (max-width:600px){#us_grid_1 .w-grid-list{margin:0}#us_grid_1 .w-grid-item{width:100%;padding:0;margin-bottom:var(--gap,0px)}}.layout_1769 .w-grid-item-h{}.layout_1769 .usg_post_title_1{font-weight:500!important}.layout_1769 .usg_image_1{max-width:50px!important;min-width:50px!important}.layout_1769 .usg_vwrapper_1{padding-top:0.5rem!important;padding-right:1rem!important}<\/style><div class=\"w-grid-list\">\t<article class=\"w-grid-item size_1x1 post-4886 attachment type-attachment status-inherit hentry\" data-id=\"4886\">\r\n\t\t<div class=\"w-grid-item-h\">\r\n\t\t\t\t\t\t<div class=\"w-hwrapper usg_hwrapper_1 align_none valign_top\" style=\"--hwrapper-gap:1rem\"><div class=\"w-image usg_image_1\"><div class=\"w-image-h\"><img loading=\"lazy\" decoding=\"async\" width=\"1024\" height=\"1024\" src=\"https:\/\/fagorcomfortsolutions.es\/wp-content\/uploads\/2024\/11\/ico-h2o.svg\" class=\"attachment-large size-large\" alt=\"\" loading=\"lazy\" \/><\/div><\/div><div class=\"w-vwrapper usg_vwrapper_1 align_none valign_top\" style=\"--vwrapper-gap:0.2rem\"><h4 class=\"w-post-elm post_title usg_post_title_1 entry-title color_link_inherit\">H2 Ready, adaptado ao futuro<\/h4><div class=\"w-post-elm post_content usg_post_content_1\">Compat\u00edvel com hidrog\u00eanio e biocombust\u00edveis.<\/div><\/div><\/div>\t\t<\/div>\r\n\t\t\t<\/article>\r\n\t<article class=\"w-grid-item size_1x1 post-4991 attachment type-attachment status-inherit hentry\" data-id=\"4991\">\r\n\t\t<div class=\"w-grid-item-h\">\r\n\t\t\t\t\t\t<div class=\"w-hwrapper usg_hwrapper_1 align_none valign_top\" style=\"--hwrapper-gap:1rem\"><div class=\"w-image usg_image_1\"><div class=\"w-image-h\"><img loading=\"lazy\" decoding=\"async\" width=\"1024\" height=\"1024\" src=\"https:\/\/fagorcomfortsolutions.es\/wp-content\/uploads\/2024\/11\/ico-hot-water.svg\" class=\"attachment-large size-large\" alt=\"\" loading=\"lazy\" \/><\/div><\/div><div class=\"w-vwrapper usg_vwrapper_1 align_none valign_top\" style=\"--vwrapper-gap:0.2rem\"><h4 class=\"w-post-elm post_title usg_post_title_1 entry-title color_link_inherit\">Tecnolog\u00eda \u201cHot Water Speed\u201d<\/h4><div class=\"w-post-elm post_content usg_post_content_1\">\u00c1gua quente instant\u00e2nea sem espera.<\/div><\/div><\/div>\t\t<\/div>\r\n\t\t\t<\/article>\r\n\t<article class=\"w-grid-item size_1x1 post-4888 attachment type-attachment status-inherit hentry\" data-id=\"4888\">\r\n\t\t<div class=\"w-grid-item-h\">\r\n\t\t\t\t\t\t<div class=\"w-hwrapper usg_hwrapper_1 align_none valign_top\" style=\"--hwrapper-gap:1rem\"><div class=\"w-image usg_image_1\"><div class=\"w-image-h\"><img loading=\"lazy\" decoding=\"async\" width=\"1024\" height=\"1024\" src=\"https:\/\/fagorcomfortsolutions.es\/wp-content\/uploads\/2024\/11\/ico-silencioso.svg\" class=\"attachment-large size-large\" alt=\"\" loading=\"lazy\" \/><\/div><\/div><div class=\"w-vwrapper usg_vwrapper_1 align_none valign_top\" style=\"--vwrapper-gap:0.2rem\"><h4 class=\"w-post-elm post_title usg_post_title_1 entry-title color_link_inherit\">Funcionamento ultrassilencioso<\/h4><div class=\"w-post-elm post_content usg_post_content_1\">Ideal para uma casa tranquila.<\/div><\/div><\/div>\t\t<\/div>\r\n\t\t\t<\/article>\r\n\t<article class=\"w-grid-item size_1x1 post-4988 attachment type-attachment status-inherit hentry\" data-id=\"4988\">\r\n\t\t<div class=\"w-grid-item-h\">\r\n\t\t\t\t\t\t<div class=\"w-hwrapper usg_hwrapper_1 align_none valign_top\" style=\"--hwrapper-gap:1rem\"><div class=\"w-image usg_image_1\"><div class=\"w-image-h\"><img loading=\"lazy\" decoding=\"async\" width=\"1024\" height=\"1024\" src=\"https:\/\/fagorcomfortsolutions.es\/wp-content\/uploads\/2024\/11\/ico-gas-adaptative.svg\" class=\"attachment-large size-large\" alt=\"\" loading=\"lazy\" \/><\/div><\/div><div class=\"w-vwrapper usg_vwrapper_1 align_none valign_top\" style=\"--vwrapper-gap:0.2rem\"><h4 class=\"w-post-elm post_title usg_post_title_1 entry-title color_link_inherit\">Tecnologia \u201cGas adaptative\u201d<\/h4><div class=\"w-post-elm post_content usg_post_content_1\">Calibra\u00e7\u00e3o Inteligente de G\u00e1s<\/div><\/div><\/div>\t\t<\/div>\r\n\t\t\t<\/article>\r\n\t<article class=\"w-grid-item size_1x1 post-4990 attachment type-attachment status-inherit hentry\" data-id=\"4990\">\r\n\t\t<div class=\"w-grid-item-h\">\r\n\t\t\t\t\t\t<div class=\"w-hwrapper usg_hwrapper_1 align_none valign_top\" style=\"--hwrapper-gap:1rem\"><div class=\"w-image usg_image_1\"><div class=\"w-image-h\"><img loading=\"lazy\" decoding=\"async\" width=\"1024\" height=\"1024\" src=\"https:\/\/fagorcomfortsolutions.es\/wp-content\/uploads\/2024\/11\/ico-ahorro-energetico.svg\" class=\"attachment-large size-large\" alt=\"\" loading=\"lazy\" \/><\/div><\/div><div class=\"w-vwrapper usg_vwrapper_1 align_none valign_top\" style=\"--vwrapper-gap:0.2rem\"><h4 class=\"w-post-elm post_title usg_post_title_1 entry-title color_link_inherit\">Poupan\u00e7a energ\u00e9tica garantida<\/h4><div class=\"w-post-elm post_content usg_post_content_1\">Menor consumo e redu\u00e7\u00e3o de emiss\u00f5es.<\/div><\/div><\/div>\t\t<\/div>\r\n\t\t\t<\/article>\r\n\t<article class=\"w-grid-item size_1x1 post-4987 attachment type-attachment status-inherit hentry\" data-id=\"4987\">\r\n\t\t<div class=\"w-grid-item-h\">\r\n\t\t\t\t\t\t<div class=\"w-hwrapper usg_hwrapper_1 align_none valign_top\" style=\"--hwrapper-gap:1rem\"><div class=\"w-image usg_image_1\"><div class=\"w-image-h\"><img loading=\"lazy\" decoding=\"async\" width=\"1024\" height=\"1024\" src=\"https:\/\/fagorcomfortsolutions.es\/wp-content\/uploads\/2024\/11\/ico-24h.svg\" class=\"attachment-large size-large\" alt=\"\" loading=\"lazy\" \/><\/div><\/div><div class=\"w-vwrapper usg_vwrapper_1 align_none valign_top\" style=\"--vwrapper-gap:0.2rem\"><h4 class=\"w-post-elm post_title usg_post_title_1 entry-title color_link_inherit\">Instala\u00e7\u00e3o 24\/48 horas<\/h4><\/div><\/div>\t\t<\/div>\r\n\t\t\t<\/article>\r\n<\/div><div class=\"w-grid-preloader\">\t<div class=\"g-preloader type_4\">\r\n\t\t<div><\/div>\r\n\t<\/div>\r\n\t<\/div>\t<div class=\"w-grid-json hidden\" onclick='return {&quot;action&quot;:&quot;us_ajax_grid&quot;,&quot;infinite_scroll&quot;:0,&quot;max_num_pages&quot;:1,&quot;pagination&quot;:&quot;none&quot;,&quot;template_vars&quot;:{&quot;columns&quot;:&quot;2&quot;,&quot;exclude_items&quot;:&quot;none&quot;,&quot;img_size&quot;:&quot;default&quot;,&quot;ignore_items_size&quot;:0,&quot;items_layout&quot;:&quot;1769&quot;,&quot;items_offset&quot;:&quot;1&quot;,&quot;load_animation&quot;:&quot;none&quot;,&quot;overriding_link&quot;:&quot;%7B%22url%22%3A%22%22%7D&quot;,&quot;post_id&quot;:0,&quot;query_args&quot;:{&quot;post_type&quot;:[&quot;attachment&quot;],&quot;post__in&quot;:[&quot;547&quot;,&quot;1850&quot;,&quot;549&quot;,&quot;1847&quot;,&quot;1849&quot;,&quot;1846&quot;],&quot;post_status&quot;:&quot;inherit&quot;,&quot;post_mime_type&quot;:&quot;image&quot;,&quot;posts_per_page&quot;:&quot;10&quot;},&quot;orderby_query_args&quot;:{&quot;orderby&quot;:{&quot;post__in&quot;:&quot;ASC&quot;},&quot;order&quot;:&quot;ASC&quot;},&quot;type&quot;:&quot;grid&quot;,&quot;us_grid_post_type&quot;:&quot;attachment&quot;,&quot;us_grid_ajax_index&quot;:1,&quot;us_grid_filter_query_string&quot;:null,&quot;us_grid_index&quot;:1,&quot;page_args&quot;:[],&quot;lang&quot;:&quot;pt-pt&quot;}}'><\/div>\r\n\t<\/div><\/div><\/div><\/div><div class=\"w-separator size_medium\"><\/div><div class=\"w-hwrapper us_custom_28ac2199 valign_middle align_none\" style=\"--hwrapper-gap:1rem\"><div class=\"w-iconbox us_custom_6df4bc3a has_text_color iconpos_top style_default color_custom align_center no_text no_title\"><div class=\"w-iconbox-icon\" style=\"font-size:3rem;--icon-color:#ffffff;--icon-bg-color:#ffffff;\"><i class=\"material-icons\">euro<\/i><\/div><div class=\"w-iconbox-meta\"><\/div><\/div><div class=\"w-vwrapper us_custom_6df4bc3a has_text_color align_none valign_top\" style=\"--vwrapper-gap:0.3rem\"><div class=\"wpb_text_column\"><div class=\"wpb_wrapper\"><h2 style=\"text-align: left;\"><strong>Pague no seu pr\u00f3prio ritmo!<\/strong><\/h2>\n<\/div><\/div><div class=\"wpb_text_column\"><div class=\"wpb_wrapper\"><p style=\"text-align: left;\">Financie sua caldeira do jeito que quiser. At\u00e9 60 meses, se desejar.<\/p>\n<\/div><\/div><\/div><\/div><div class=\"w-separator size_medium\"><\/div><div class=\"g-cols wpb_row us_custom_877a9d2c via_grid cols_2-1 laptops-cols_inherit tablets-cols_inherit mobiles-cols_1 valign_bottom type_default stacking_default\" style=\"--gap:0rem;\"><div class=\"wpb_column vc_column_container us_custom_cfc34e41\"><div class=\"vc_column-inner\"><div class=\"wpb_text_column\"><div class=\"wpb_wrapper\"><h2><strong>Instaladores<\/strong><br \/>\n<em><strong>certificados<\/strong><\/em><\/h2>\n<h3>Uma instala\u00e7\u00e3o correta \u00e9 essencial para garantir o funcionamento ideal da sua caldeira.<\/h3>\n<p><span>\u00c9 por isso que na\u00a0<\/span><strong>Fagor Comfort Solutions<\/strong><span>\u00a0contamos com instaladores certificados que seguem protocolos rigorosos projetados para maximizar o desempenho e a efici\u00eancia do seu equipamento.<\/span><\/p>\n<\/div><\/div><div class=\"w-separator hide_on_tablets hide_on_mobiles size_medium\"><\/div><\/div><\/div><div class=\"wpb_column vc_column_container\"><div class=\"vc_column-inner\"><div class=\"w-hwrapper valign_top align_right\" style=\"--hwrapper-gap:0rem\"><div class=\"w-image us_custom_7cc242c7 align_none\"><div class=\"w-image-h\"><img loading=\"lazy\" decoding=\"async\" width=\"600\" height=\"653\" src=\"https:\/\/fagorcomfortsolutions.es\/wp-content\/uploads\/2025\/01\/instalador.png\" class=\"attachment-large size-large\" alt=\"Instalador Fagor\" loading=\"lazy\" srcset=\"https:\/\/fagorcomfortsolutions.es\/wp-content\/uploads\/2025\/01\/instalador.png 600w, https:\/\/fagorcomfortsolutions.es\/wp-content\/uploads\/2025\/01\/instalador-276x300.png 276w\" sizes=\"auto, (max-width: 600px) 100vw, 600px\" \/><\/div><\/div><\/div><\/div><\/div><\/div><\/div><\/div><div class=\"wpb_column vc_column_container type_sticky\"><div class=\"vc_column-inner\" style=\"top:5rem\"><div class=\"g-cols wpb_row us_custom_8279ac78 via_grid cols_1 laptops-cols_inherit tablets-cols_inherit mobiles-cols_1 valign_top type_default stacking_default\" style=\"--gap:3rem;\"><div class=\"wpb_column vc_column_container\"><div class=\"vc_column-inner\"><div class=\"wpb_text_column us_custom_ffff603b has_text_color\"><div class=\"wpb_wrapper\"><h3 class=\"smallerTitle\"><span>Quer trocar a sua caldeira?<\/span><\/h3>\n<\/div><\/div><div class=\"w-vwrapper us_custom_2094bed8 align_none valign_top\" style=\"--vwrapper-gap:2rem\"><div class=\"wpb_text_column\"><div class=\"wpb_wrapper\"><p><span>Aproveite nossa promo\u00e7\u00e3o de garantia TOTAL de 5 anos.\u00a0<\/span><b>Solicite um or\u00e7amento gratuito.<\/b><\/p>\n<\/div><\/div><form class=\"w-form  layout_ver for_cform us_form_1\" autocomplete=\"off\" action=\"https:\/\/fagorcomfortsolutions.es\/pt-pt\/wp-json\/wp\/v2\/pages\/5308\" method=\"post\"><div class=\"w-form-h\"><div class=\"w-form-row for_text required\">\r\n\t\t<div class=\"w-form-row-field\">\r\n\t\t\t\t\t\t<input aria-label=\"Nome e Apelido\" type=\"text\" name=\"us_form_1_text_1\" value placeholder=\"Nome e Apelido *\" data-required=\"true\" aria-required=\"true\"\/>\r\n\t\t\t<\/div>\r\n\t\t<div class=\"w-form-row-state\">Fill out this field<\/div>\r\n<\/div>\r\n<div class=\"w-form-row for_email required\">\r\n\t\t<div class=\"w-form-row-field\">\r\n\t\t\t\t\t\t<input aria-label=\"E-mail\" type=\"email\" name=\"us_form_1_email_1\" value placeholder=\"E-mail *\" data-required=\"true\" aria-required=\"true\"\/>\r\n\t\t\t<\/div>\r\n\t\t<div class=\"w-form-row-state\">Por favor insira um endere\u00e7o de email v\u00e1lido.<\/div>\r\n<\/div>\r\n<div class=\"w-form-row for_text\">\r\n\t\t<div class=\"w-form-row-field\">\r\n\t\t\t\t\t\t<input aria-label=\"Telefone\" type=\"text\" name=\"us_form_1_text_2\" value placeholder=\"Telefone\"\/>\r\n\t\t\t<\/div>\r\n\t\t<div class=\"w-form-row-state\">Fill out this field<\/div>\r\n<\/div>\r\n<div class=\"w-form-row for_text required\">\r\n\t\t<div class=\"w-form-row-field\">\r\n\t\t\t\t\t\t<input aria-label=\"C\u00f3digo postal\" type=\"text\" name=\"us_form_1_text_3\" value placeholder=\"C\u00f3digo postal *\" data-required=\"true\" aria-required=\"true\"\/>\r\n\t\t\t<\/div>\r\n\t\t<div class=\"w-form-row-state\">Fill out this field<\/div>\r\n<\/div>\r\n<div class=\"w-form-row for_agreement required\">\r\n\t\t<div class=\"w-form-row-field\">\r\n\t\t\t\t<label>\r\n\t\t\t<input type=\"checkbox\" value=\"1\" data-required=\"true\" aria-required=\"true\" name=\"us_form_1_agreement_1\"\/>\r\n\t\t\t<span>ACEITO o tratamento dos meus dados para o envio de comunica\u00e7\u00f5es comerciais<\/span>\r\n\t\t<\/label>\r\n\t\t\t<\/div>\r\n\t\t<div class=\"w-form-row-state\">You need to agree with the terms to proceed<\/div>\r\n<\/div>\r\n<div class=\"w-form-row for_info\">\r\n\t<p><strong>INFORMA\u00c7\u00d5ES SOBRE O TRATAMENTO DOS SEUS DADOS PESSOAIS<br>     <\/strong><strong>Respons\u00e1vel pelo tratamento<\/strong> REACH THE MARKET S.L.<strong> Finalidade<\/strong>: Responder e gerir o seu pedido de or\u00e7amento e, se for o caso, enviar-lhe comunica\u00e7\u00f5es comerciais relacionadas com produtos e servi\u00e7os oferecidos pela REACH THE MARKET S.L.<strong>ela REACH THE MARKET SL Direitos e informa\u00e7\u00f5es adicionais:<\/strong> Pode consultar a forma de exercer os seus direitos e informa\u00e7\u00f5es adicionais na nossa <a href=\"https:\/\/fagorcomfortsolutions.es\/pt-pt\/politica-privacidade\/\">pol\u00edtica de privacidade<\/a>.<\/p>\r\n<\/div>\r\n<input type=\"hidden\" name=\"action\" value=\"us_ajax_cform\" \/>\r\n<input type=\"hidden\" name=\"post_id\" value=\"0\" \/>\r\n<input type=\"hidden\" name=\"form_index\" value=\"1\" \/>\r\n<div class=\"w-form-row for_submit align_justify\">\r\n\t<button class=\"w-btn icon_atright us-btn-style_1\" aria-label=\"Solicite um or\u00e7amento\" type=\"submit\">\r\n\t\t<span class=\"g-preloader type_1\"><\/span>\r\n\t\t\t\t<span class=\"w-btn-label\">Solicite um or\u00e7amento<\/span>\r\n\t\t<i class=\"material-icons\">east<\/i>\t<\/button>\r\n\t<\/div>\r\n<\/div><div class=\"w-form-message\"><\/div><div class=\"w-form-json hidden\" onclick='return {&quot;ajaxurl&quot;:&quot;https:\\\/\\\/fagorcomfortsolutions.es\\\/wp-admin\\\/admin-ajax.php&quot;,&quot;messages&quot;:{&quot;err_empty&quot;:&quot;Fill out this field&quot;,&quot;err_size&quot;:&quot;File size cannot exceed %s MB&quot;,&quot;err_extension&quot;:&quot;%s file type is not allowed&quot;}}'><\/div><\/form><\/div><\/div><\/div><\/div><\/div><\/div><\/div><\/div><\/section><section class=\"l-section wpb_row us_custom_ede33817 height_auto color_primary\"><div class=\"l-section-h i-cf\"><div class=\"g-cols vc_row via_grid cols_2 laptops-cols_inherit tablets-cols_inherit mobiles-cols_1 valign_top type_default stacking_default\"><div class=\"wpb_column vc_column_container\"><div class=\"vc_column-inner\"><div class=\"w-separator size_huge\"><\/div><div class=\"w-vwrapper align_none valign_top\"><div class=\"wpb_text_column\"><div class=\"wpb_wrapper\"><h2>Apoiados pelo<br \/>\n<strong>Servi\u00e7o T\u00e9cnico Oficial da Fagor<\/strong><\/h2>\n<ul class=\"calderas calderas-blanco\">\n<li aria-level=\"1\"><span>A equipa que melhor conhece o produto<\/span><\/li>\n<li aria-level=\"1\"><span>65 anos de experi\u00eancia de Fagor como oficial do SAT<\/span><\/li>\n<li aria-level=\"1\"><span>A confian\u00e7a de uma equipa com mais de 150 centros em Portugal e Espanha<\/span><\/li>\n<li aria-level=\"1\"><span>Coloca\u00e7\u00e3o em funcionamento da caldeira especializada<\/span><\/li>\n<\/ul>\n<\/div><\/div><\/div><div class=\"w-separator size_small\"><\/div><div class=\"w-btn-wrapper align_none\"><a class=\"w-btn us-btn-style_6 form-general icon_atright\" onclick=\"return false;\" href=\"https:\/\/fagorcomfortsolutions.es\/pt-pt\/contacto\/\"><span class=\"w-btn-label\">Mais informa\u00e7\u00f5es<\/span><i class=\"material-icons\">north_east<\/i><\/a><\/div><div class=\"w-separator size_huge\"><\/div><\/div><\/div><div class=\"wpb_column vc_column_container stretched\"><div class=\"vc_column-inner\"><\/div><\/div><\/div><\/div><\/section>\n","protected":false},"excerpt":{"rendered":"","protected":false},"author":1,"featured_media":0,"parent":0,"menu_order":16,"comment_status":"closed","ping_status":"closed","template":"","meta":{"footnotes":""},"class_list":["post-5308","page","type-page","status-publish","hentry"],"_links":{"self":[{"href":"https:\/\/fagorcomfortsolutions.es\/pt-pt\/wp-json\/wp\/v2\/pages\/5308","targetHints":{"allow":["GET"]}}],"collection":[{"href":"https:\/\/fagorcomfortsolutions.es\/pt-pt\/wp-json\/wp\/v2\/pages"}],"about":[{"href":"https:\/\/fagorcomfortsolutions.es\/pt-pt\/wp-json\/wp\/v2\/types\/page"}],"author":[{"embeddable":true,"href":"https:\/\/fagorcomfortsolutions.es\/pt-pt\/wp-json\/wp\/v2\/users\/1"}],"replies":[{"embeddable":true,"href":"https:\/\/fagorcomfortsolutions.es\/pt-pt\/wp-json\/wp\/v2\/comments?post=5308"}],"version-history":[{"count":5,"href":"https:\/\/fagorcomfortsolutions.es\/pt-pt\/wp-json\/wp\/v2\/pages\/5308\/revisions"}],"predecessor-version":[{"id":5338,"href":"https:\/\/fagorcomfortsolutions.es\/pt-pt\/wp-json\/wp\/v2\/pages\/5308\/revisions\/5338"}],"wp:attachment":[{"href":"https:\/\/fagorcomfortsolutions.es\/pt-pt\/wp-json\/wp\/v2\/media?parent=5308"}],"curies":[{"name":"wp","href":"https:\/\/api.w.org\/{rel}","templated":true}]}}