{"id":5312,"date":"2024-11-06T08:52:56","date_gmt":"2024-11-06T07:52:56","guid":{"rendered":"https:\/\/fagorcomfortsolutions.es\/?page_id=5312"},"modified":"2025-07-27T20:02:41","modified_gmt":"2025-07-27T18:02:41","slug":"servicos","status":"publish","type":"page","link":"https:\/\/fagorcomfortsolutions.es\/pt-pt\/servicos\/","title":{"rendered":"Servi\u00e7os"},"content":{"rendered":"<section class=\"l-section wpb_row height_auto\"><div class=\"l-section-h i-cf\"><div class=\"g-cols vc_row via_grid cols_1 laptops-cols_inherit tablets-cols_inherit mobiles-cols_1 valign_top type_default stacking_default\"><div class=\"wpb_column vc_column_container\"><div class=\"vc_column-inner\"><\/div><\/div><\/div><\/div><\/section><section class=\"l-section wpb_row cabecera height_auto with_img\"><div class=\"l-section-img\" role=\"img\" data-img-width=\"1600\" data-img-height=\"711\" style=\"background-image: url(https:\/\/fagorcomfortsolutions.es\/wp-content\/uploads\/2025\/03\/Sareteknika-Centro-cataluna_BN-2.jpg);background-position: top center;background-repeat: no-repeat;\"><\/div><div class=\"l-section-overlay\" style=\"background:var(--color-content-primary)\"><\/div><div class=\"l-section-h i-cf\"><div class=\"g-cols vc_row via_grid cols_1 laptops-cols_inherit tablets-cols_inherit mobiles-cols_1 valign_top type_default stacking_default\"><div class=\"wpb_column vc_column_container\"><div class=\"vc_column-inner\"><div class=\"g-cols wpb_row via_grid cols_2 laptops-cols_inherit tablets-cols_inherit mobiles-cols_1 valign_bottom type_default stacking_default\" style=\"--gap:3rem;\"><div class=\"wpb_column vc_column_container\"><div class=\"vc_column-inner\"><div class=\"w-hwrapper valign_top align_left\"><div class=\"w-vwrapper us_custom_edb423b1 align_left valign_middle\"><div class=\"w-image imagen align_none\"><div class=\"w-image-h\"><img loading=\"lazy\" decoding=\"async\" width=\"1024\" height=\"1024\" src=\"https:\/\/fagorcomfortsolutions.es\/wp-content\/uploads\/2025\/03\/rojo.svg\" class=\"attachment-large size-large\" alt=\"\" loading=\"lazy\" \/><\/div><\/div><div class=\"wpb_text_column us_custom_6df4bc3a texto has_text_color\"><div class=\"wpb_wrapper\"><h1><strong>RED<br \/>\nSARETEKNIKA<\/strong><\/h1>\n<h2><span>Nosso aliado no servi\u00e7o<\/span><\/h2>\n<\/div><\/div><div class=\"w-separator size_small\"><\/div><\/div><\/div><\/div><\/div><div class=\"wpb_column vc_column_container\"><div class=\"vc_column-inner\"><\/div><\/div><\/div><div class=\"w-separator size_huge\"><\/div><div class=\"g-cols wpb_row us_custom_60d0bd15 via_grid cols_2 laptops-cols_inherit tablets-cols_inherit mobiles-cols_1 valign_bottom type_default stacking_default\" style=\"--gap:6rem;--laptops-gap:6rem;--tablets-gap:3rem;--mobiles-gap:0.5rem;\"><div class=\"wpb_column vc_column_container\"><div class=\"vc_column-inner\"><\/div><\/div><div class=\"wpb_column vc_column_container\"><div class=\"vc_column-inner\"><div class=\"w-btn-wrapper align_center\"><button class=\"w-btn us-btn-style_7 us_custom_2a9ba11a form-informacion us_animate_this\" onclick=\"return false\"><span class=\"w-btn-label\">Solicite informa\u00e7\u00f5es<\/span><\/button><\/div><\/div><\/div><\/div><div class=\"w-separator size_small\"><\/div><\/div><\/div><\/div><\/div><\/section><section class=\"l-section wpb_row height_large\"><div class=\"l-section-h i-cf\"><div class=\"g-cols vc_row via_grid cols_1 laptops-cols_inherit tablets-cols_inherit mobiles-cols_1 valign_top type_default stacking_default\"><div class=\"wpb_column vc_column_container\"><div class=\"vc_column-inner\"><div class=\"g-cols wpb_row via_grid cols_2-1 laptops-cols_inherit tablets-cols_inherit mobiles-cols_1 valign_top type_default stacking_default\" style=\"--gap:3rem;\"><div class=\"wpb_column vc_column_container\"><div class=\"vc_column-inner\"><div class=\"w-vwrapper align_none valign_top\" style=\"--vwrapper-gap:0.5rem\"><div class=\"wpb_text_column us_custom_6745946f has_text_color\"><div class=\"wpb_wrapper\"><h2 class=\"h1\"><strong><b>Servi\u00e7os <\/b>Fagor Comfort Solutions<\/strong><\/h2>\n<\/div><\/div><div class=\"wpb_text_column\"><div class=\"wpb_wrapper\"><h2><span>Da escolha da solu\u00e7\u00e3o ao seu perfeito funcionamento<\/span><\/h2>\n<\/div><\/div><div class=\"w-separator size_small\"><\/div><div class=\"wpb_text_column\"><div class=\"wpb_wrapper\"><h6><span>Na Fagor Comfort Solutions, entendemos que escolher equipamentos de aquecimento, arrefecimento ou \u00e1gua quente \u00e9 apenas o primeiro passo.<\/span><\/h6>\n<h6><span>\u00c9 por isso que oferecemos um servi\u00e7o completo e uma equipa de profissionais que dar\u00e3o suporte em cada etapa do caminho: da consultoria inicial, coloca\u00e7\u00e3o em funcionamento, manuten\u00e7\u00e3o e otimiza\u00e7\u00e3o do seu sistema.<\/span><\/h6>\n<\/div><\/div><\/div><\/div><\/div><div class=\"wpb_column vc_column_container\"><div class=\"vc_column-inner\"><\/div><\/div><\/div><div class=\"w-separator size_large\"><\/div><div class=\"g-cols wpb_row via_grid cols_custom laptops-cols_inherit tablets-cols_inherit mobiles-cols_1 valign_top type_default stacking_default\" style=\"--gap:3rem;--custom-columns:0.5fr 5fr 0.5fr \"><div class=\"wpb_column vc_column_container\"><div class=\"vc_column-inner\"><\/div><\/div><div class=\"wpb_column vc_column_container\"><div class=\"vc_column-inner\"><div class=\"w-tabs style_default switch_click accordion has_scrolling\"><div class=\"w-tabs-sections titles-align_none icon_plus cpos_right\"><div class=\"w-tabs-section\" id=\"ydef\"><button class=\"w-tabs-section-header\" aria-controls=\"content-ydef\" aria-expanded=\"false\"><h2 class=\"w-tabs-section-title\">Aconselhamento inicial personalizado<\/h2><div class=\"w-tabs-section-control\"><\/div><\/button><div  class=\"w-tabs-section-content\" id=\"content-ydef\"><div class=\"w-tabs-section-content-h i-cf\"><div class=\"wpb_text_column\"><div class=\"wpb_wrapper\"><p><span>Cada cliente e cada projeto s\u00e3o \u00fanicos. Quer esteja \u00e0 procura de uma solu\u00e7\u00e3o aerot\u00e9rmica completa ou de uma caldeira ideal para a sua casa, o orientamos desde o in\u00edcio.<\/span><\/p>\n<ul>\n<li aria-level=\"1\"><strong>An\u00e1lise t\u00e9cnica<\/strong><span>: tipo de habita\u00e7\u00e3o, consumo esperado, zona clim\u00e1tica.<\/span><\/li>\n<li aria-level=\"1\"><strong>Recomenda\u00e7\u00f5es personalizadas<\/strong><span>: Comparamos tecnologias (caldeiras, energia aerot\u00e9rmica, termos de \u00e1gua e esquentadores) com base no seu or\u00e7amento e necessidades.<\/span><\/li>\n<li aria-level=\"1\"><strong>Proposta de efici\u00eancia energ\u00e9tica<\/strong><span>: Priorizamos economia e sustentabilidade para sua instala\u00e7\u00e3o.<\/span><\/li>\n<\/ul>\n<\/div><\/div><\/div><\/div><\/div><div class=\"w-tabs-section\" id=\"pf90\"><button class=\"w-tabs-section-header\" aria-controls=\"content-pf90\" aria-expanded=\"false\"><h2 class=\"w-tabs-section-title\">Suporte completo para instala\u00e7\u00e3o<\/h2><div class=\"w-tabs-section-control\"><\/div><\/button><div  class=\"w-tabs-section-content\" id=\"content-pf90\"><div class=\"w-tabs-section-content-h i-cf\"><div class=\"wpb_text_column\"><div class=\"wpb_wrapper\"><p><span>Ajudamos a garantir que a instala\u00e7\u00e3o seja simples e atenda a todos os padr\u00f5es de qualidade.<\/span><\/p>\n<ul>\n<li><span><strong>Conselhos sobre como escolher instaladores\u00a0certificados<\/strong> e confi\u00e1veis .<\/span><\/li>\n<li><span><strong>Revis\u00e3o da instala\u00e7\u00e3o<\/strong>\u00a0: aconselhamos sobre requisitos t\u00e9cnicos, localiza\u00e7\u00e3o ideal do equipamento e conex\u00f5es necess\u00e1rias.<\/span><\/li>\n<li><span>Procedimentos legais\u00a0:<\/span><\/li>\n<li style=\"list-style-type: none;\">\n<ul>\n<li aria-level=\"2\"><span><strong>Gest\u00e3o do\u00a0registo<\/strong> e legaliza\u00e7\u00e3o da instala\u00e7\u00e3o.<\/span><\/li>\n<li aria-level=\"2\"><span>Certificados e boletins de instala\u00e7\u00e3o.<\/span><\/li>\n<li aria-level=\"2\"><span>Garantimos que a instala\u00e7\u00e3o esteja em conformidade com as normas vigentes (RITE,<\/span><span><br \/>\n<\/span><span>CTE, normas regionais).<\/span><\/li>\n<\/ul>\n<\/li>\n<\/ul>\n<\/div><\/div><\/div><\/div><\/div><div class=\"w-tabs-section\" id=\"h0e3\"><button class=\"w-tabs-section-header\" aria-controls=\"content-h0e3\" aria-expanded=\"false\"><h2 class=\"w-tabs-section-title\"><span>Inicializa\u00e7\u00e3o e configura\u00e7\u00e3o ideal<\/span><\/h2><div class=\"w-tabs-section-control\"><\/div><\/button><div  class=\"w-tabs-section-content\" id=\"content-h0e3\"><div class=\"w-tabs-section-content-h i-cf\"><div class=\"wpb_text_column\"><div class=\"wpb_wrapper\"><p><span>Sua equipa a trabalhar a 100% desde o primeiro dia.<\/span><\/p>\n<ul>\n<li aria-level=\"1\"><strong>Verifica\u00e7\u00e3o de<\/strong><span>\u00a0par\u00e2metros de seguran\u00e7a e desempenho.<\/span><\/li>\n<li aria-level=\"1\"><span>Configura\u00e7\u00f5es personalizadas para\u00a0<\/span><strong>maximizar a efici\u00eancia com base em sua casa e h\u00e1bitos<\/strong><span>.<\/span><\/li>\n<li aria-level=\"1\"><strong>Ativa\u00e7\u00e3o da garantia oficial<\/strong><span>\u00a0e informa\u00e7\u00e3o ao cliente sobre o uso eficiente e seguro do seu equipamento.<\/span><\/li>\n<\/ul>\n<\/div><\/div><\/div><\/div><\/div><div class=\"w-tabs-section\" id=\"t245\"><button class=\"w-tabs-section-header\" aria-controls=\"content-t245\" aria-expanded=\"false\"><h2 class=\"w-tabs-section-title\">Servi\u00e7os p\u00f3s-venda e manuten\u00e7\u00e3o especializados<\/h2><div class=\"w-tabs-section-control\"><\/div><\/button><div  class=\"w-tabs-section-content\" id=\"content-t245\"><div class=\"w-tabs-section-content-h i-cf\"><div class=\"wpb_text_column\"><div class=\"wpb_wrapper\"><p><span>Garantimos que tudo funcione sempre como no primeiro dia.<\/span><\/p>\n<ul>\n<li><b>Suporte t\u00e9cnico<\/b><span>\u00a0r\u00e1pido e direto para resolver qualquer incidente.<\/span><\/li>\n<li><span>Equipa especializada\u00a0<\/span><b>de suporte telef\u00f3nico.<\/b><\/li>\n<li><b>Mais de 140 centros de servi\u00e7o e 600 t\u00e9cnicos<\/b><span>\u00a0especializados em produtos Fagor para cobertura global.<\/span><\/li>\n<li><span>Servi\u00e7o oferecido pela\u00a0<\/span><b>Sareteknika<\/b><span>\u00a0.<\/span><\/li>\n<li><b>Planos de manuten\u00e7\u00e3o<\/b><span>: programados e preventivos para prolongar a vida \u00fatil dos seus equipamentos.<\/span><\/li>\n<li style=\"list-style-type: none;\"><\/li>\n<\/ul>\n<\/div><\/div><\/div><\/div><\/div><div class=\"w-tabs-section\" id=\"u370\"><button class=\"w-tabs-section-header\" aria-controls=\"content-u370\" aria-expanded=\"false\"><h2 class=\"w-tabs-section-title\">Garantia e prote\u00e7\u00e3o total<\/h2><div class=\"w-tabs-section-control\"><\/div><\/button><div  class=\"w-tabs-section-content\" id=\"content-u370\"><div class=\"w-tabs-section-content-h i-cf\"><div class=\"wpb_text_column\"><div class=\"wpb_wrapper\"><p><strong>Garantias extra<\/strong><span>\u00a0para seus produtos.<\/span><\/p>\n<p><strong>Garantias TOTAL 5 anos <\/strong><span>para suas caldeiras. N\u00e3o se preocupe com a manuten\u00e7\u00e3o dos seus produtos por 5 anos*. Veja quais produtos se aplicam.<\/span><\/p>\n<p><em>*\u00a0<\/em><i><span>Promo\u00e7\u00e3o sujeita \u00e0 contrata\u00e7\u00e3o de servi\u00e7os de manuten\u00e7\u00e3o preventiva junto ao Servi\u00e7o\u00a0T\u00e9cnico Oficial da Fagor .<\/span><\/i><\/p>\n<\/div><\/div><\/div><\/div><\/div><\/div><\/div><\/div><\/div><div class=\"wpb_column vc_column_container\"><div class=\"vc_column-inner\"><\/div><\/div><\/div><\/div><\/div><\/div><\/div><\/section><section class=\"l-section wpb_row height_small\"><div class=\"l-section-h i-cf\"><div class=\"g-cols vc_row via_grid cols_2 laptops-cols_inherit tablets-cols_inherit mobiles-cols_1 valign_bottom type_default stacking_default\"><div class=\"wpb_column vc_column_container\"><div class=\"vc_column-inner\"><div class=\"g-cols wpb_row via_grid cols_2 laptops-cols_inherit tablets-cols_inherit mobiles-cols_1 valign_bottom type_default stacking_default\" style=\"--gap:3rem;\"><div class=\"wpb_column vc_column_container\"><div class=\"vc_column-inner\"><div class=\"w-separator size_large\"><\/div><div class=\"w-vwrapper us_custom_f4b15a25 has_text_color align_center valign_top\"><div class=\"wpb_text_column\"><div class=\"wpb_wrapper\"><p><strong>GARANTIA B\u00c1SICA<\/strong><\/p>\n<\/div><\/div><\/div><div class=\"w-vwrapper us_custom_61a6dc5e has_text_color align_center valign_top\"><div class=\"w-separator size_small\"><\/div><div class=\"w-counter us_custom_41eff37d color_custom align_center has_font_size\" data-duration=\"1\"><div class=\"w-counter-value\" style=\"color:#ffffff;\"><span class=\"w-counter-value-part type_text\" data-final=\"\"><\/span><span class=\"w-counter-value-part type_number\" data-final=\"3\">3<\/span><span class=\"w-counter-value-part type_text\" data-final=\"\"><\/span><\/div><h5 class=\"w-counter-title\" style=\"font-weight:500;margin-top:0rem;\">anos<\/h5><\/div><div class=\"w-separator size_custom with_line width_30 thick_1 style_solid color_text align_center\" style=\"height:1rem\"><div class=\"w-separator-h\"><\/div><\/div><div class=\"wpb_text_column us_custom_ea2be81a\"><div class=\"wpb_wrapper\"><p><span>Pe\u00e7as de reposi\u00e7\u00e3o, m\u00e3o de obra e desloca\u00e7\u00f5es<\/span><\/p>\n<\/div><\/div><div class=\"w-separator size_small\"><\/div><\/div><\/div><\/div><div class=\"wpb_column vc_column_container\"><div class=\"vc_column-inner\"><div class=\"w-vwrapper us_custom_96185b3d has_text_color align_center valign_top\"><div class=\"wpb_text_column\"><div class=\"wpb_wrapper\"><p><strong>GARANTIA TOTAL<\/strong><\/p>\n<\/div><\/div><\/div><div class=\"w-vwrapper us_custom_c58204f9 has_text_color align_center valign_top\"><div class=\"w-separator size_small\"><\/div><div class=\"w-counter us_custom_41eff37d color_custom align_center has_font_size\" data-duration=\"1\"><div class=\"w-counter-value\" style=\"color:#ffffff;\"><span class=\"w-counter-value-part type_text\" data-final=\"\"><\/span><span class=\"w-counter-value-part type_number\" data-final=\"5\">5<\/span><span class=\"w-counter-value-part type_text\" data-final=\"\"><\/span><\/div><h5 class=\"w-counter-title\" style=\"font-weight:500;margin-top:0rem;\">anos<\/h5><\/div><div class=\"w-separator size_custom with_line width_30 thick_1 style_solid color_text align_center\" style=\"height:1rem\"><div class=\"w-separator-h\"><\/div><\/div><div class=\"wpb_text_column us_custom_ea2be81a\"><div class=\"wpb_wrapper\"><p><span>Prote\u00e7\u00e3o total contra avarias**<\/span><span><br \/>\n<\/span><span>Pe\u00e7as e componentes<\/span><span><br \/>\n<\/span><span>Servi\u00e7o t\u00e9cnico oficial especializado<\/span><span><br \/>\n<\/span><span>Desloca\u00e7\u00f5es necess\u00e1rias<\/span><span><br \/>\n<\/span><span>M\u00e3o de obra do Servi\u00e7o T\u00e9cnico Oficial<\/span><\/p>\n<\/div><\/div><div class=\"w-separator size_small\"><\/div><\/div><\/div><\/div><\/div><\/div><\/div><div class=\"wpb_column vc_column_container\"><div class=\"vc_column-inner\"><div class=\"wpb_text_column\"><div class=\"wpb_wrapper\"><h1>Garantia <strong>TOTAL 5 anos<\/strong><br \/>\n<span style=\"color: #000000;\">para <span>suas <\/span>caldeiras*<\/span><\/h1>\n<h2><span>N\u00e3o se preocupe com a manuten\u00e7\u00e3o da caldeira por 5 anos<\/span>.<\/h2>\n<\/div><\/div><div class=\"w-separator size_small\"><\/div><div class=\"w-btn-wrapper align_none\"><button class=\"w-btn us-btn-style_1 form-informacion icon_atright\" onclick=\"return false\"><span class=\"w-btn-label\">Consulte<\/span><i class=\"material-icons\">north_east<\/i><\/button><\/div><div class=\"w-separator size_small\"><\/div><div class=\"g-cols wpb_row via_grid cols_2-1 laptops-cols_inherit tablets-cols_inherit mobiles-cols_1 valign_top type_default stacking_default\" style=\"--gap:3rem;\"><div class=\"wpb_column vc_column_container\"><div class=\"vc_column-inner\"><div class=\"w-separator size_custom with_line width_default thick_1 style_solid color_text align_center\" style=\"height:1rem\"><div class=\"w-separator-h\"><\/div><\/div><div class=\"wpb_text_column\"><div class=\"wpb_wrapper\"><p><strong>*<\/strong><em> <i><span>Promo\u00e7\u00e3o sujeita \u00e0 contrata\u00e7\u00e3o de visitas preventivas com o Servi\u00e7o T\u00e9cnico Oficial Fagor<\/span><\/i><\/em><\/p>\n<p><strong>**<\/strong><em> <i><span>Consulte exce\u00e7\u00f5es nas condi\u00e7\u00f5es de contrata\u00e7\u00e3o<\/span><\/i><\/em><\/p>\n<\/div><\/div><\/div><\/div><div class=\"wpb_column vc_column_container\"><div class=\"vc_column-inner\"><\/div><\/div><\/div><\/div><\/div><\/div><\/div><\/section><section class=\"l-section wpb_row height_medium\"><div class=\"l-section-h i-cf\"><div class=\"g-cols vc_row via_grid cols_1 laptops-cols_inherit tablets-cols_inherit mobiles-cols_1 valign_top type_default stacking_default\"><div class=\"wpb_column vc_column_container\"><div class=\"vc_column-inner\"><\/div><\/div><\/div><\/div><\/section><section class=\"l-section wpb_row us_custom_ede33817 height_auto color_primary\"><div class=\"l-section-h i-cf\"><div class=\"g-cols vc_row via_grid cols_2 laptops-cols_inherit tablets-cols_inherit mobiles-cols_1 valign_top type_default stacking_default\"><div class=\"wpb_column vc_column_container\"><div class=\"vc_column-inner\"><div class=\"w-separator size_huge\"><\/div><div class=\"w-vwrapper align_none valign_top\"><div class=\"wpb_text_column\"><div class=\"wpb_wrapper\"><h2><strong><b>Servi\u00e7o <\/b>T\u00e9cnico Oficial de Fagor:<br \/>\nRed Sareteknika<\/strong><\/h2>\n<ul class=\"calderas calderas-blanco\">\n<li aria-level=\"1\"><span>Cobertura global na Espanha, Portugal e Andorra<\/span><\/li>\n<li aria-level=\"1\"><span>A confian\u00e7a de uma equipa com mais de 150 centros em Portugal e Espanha<\/span><\/li>\n<li aria-level=\"1\"><span>65 anos de experi\u00eancia de Fagor como oficial do SAT<\/span><\/li>\n<li aria-level=\"1\"><span>Mais de 600 profissionais<\/span><\/li>\n<\/ul>\n<\/div><\/div><\/div><div class=\"w-separator size_small\"><\/div><div class=\"w-btn-wrapper align_none\"><button class=\"w-btn us-btn-style_6 form-informacion icon_atright\" onclick=\"return false;\"><span class=\"w-btn-label\">Mais informa\u00e7\u00f5es<\/span><i class=\"material-icons\">north_east<\/i><\/button><\/div><div class=\"w-separator size_huge\"><\/div><\/div><\/div><div class=\"wpb_column vc_column_container stretched\"><div class=\"vc_column-inner\"><\/div><\/div><\/div><\/div><\/section>\n","protected":false},"excerpt":{"rendered":"RED SARETEKNIKA Nosso aliado no servi\u00e7o Solicite informa\u00e7\u00f5esServi\u00e7os Fagor Comfort Solutions Da escolha da solu\u00e7\u00e3o ao seu perfeito funcionamento Na Fagor Comfort Solutions, entendemos que escolher equipamentos de aquecimento, arrefecimento ou \u00e1gua quente \u00e9 apenas o primeiro passo. \u00c9 por isso que oferecemos um servi\u00e7o completo e uma equipa de profissionais que dar\u00e3o suporte em...","protected":false},"author":1,"featured_media":0,"parent":0,"menu_order":11,"comment_status":"closed","ping_status":"closed","template":"","meta":{"footnotes":""},"class_list":["post-5312","page","type-page","status-publish","hentry"],"_links":{"self":[{"href":"https:\/\/fagorcomfortsolutions.es\/pt-pt\/wp-json\/wp\/v2\/pages\/5312","targetHints":{"allow":["GET"]}}],"collection":[{"href":"https:\/\/fagorcomfortsolutions.es\/pt-pt\/wp-json\/wp\/v2\/pages"}],"about":[{"href":"https:\/\/fagorcomfortsolutions.es\/pt-pt\/wp-json\/wp\/v2\/types\/page"}],"author":[{"embeddable":true,"href":"https:\/\/fagorcomfortsolutions.es\/pt-pt\/wp-json\/wp\/v2\/users\/1"}],"replies":[{"embeddable":true,"href":"https:\/\/fagorcomfortsolutions.es\/pt-pt\/wp-json\/wp\/v2\/comments?post=5312"}],"version-history":[{"count":1,"href":"https:\/\/fagorcomfortsolutions.es\/pt-pt\/wp-json\/wp\/v2\/pages\/5312\/revisions"}],"predecessor-version":[{"id":5313,"href":"https:\/\/fagorcomfortsolutions.es\/pt-pt\/wp-json\/wp\/v2\/pages\/5312\/revisions\/5313"}],"wp:attachment":[{"href":"https:\/\/fagorcomfortsolutions.es\/pt-pt\/wp-json\/wp\/v2\/media?parent=5312"}],"curies":[{"name":"wp","href":"https:\/\/api.w.org\/{rel}","templated":true}]}}