{"id":5314,"date":"2024-11-06T08:52:47","date_gmt":"2024-11-06T07:52:47","guid":{"rendered":"https:\/\/fagorcomfortsolutions.es\/?page_id=5314"},"modified":"2025-07-27T20:10:02","modified_gmt":"2025-07-27T18:10:02","slug":"desde-1956","status":"publish","type":"page","link":"https:\/\/fagorcomfortsolutions.es\/pt-pt\/desde-1956\/","title":{"rendered":"Desde 1956"},"content":{"rendered":"<section class=\"l-section wpb_row height_auto\"><div class=\"l-section-h i-cf\"><div class=\"g-cols vc_row via_grid cols_1 laptops-cols_inherit tablets-cols_inherit mobiles-cols_1 valign_top type_default stacking_default\"><div class=\"wpb_column vc_column_container\"><div class=\"vc_column-inner\"><\/div><\/div><\/div><\/div><\/section><section class=\"l-section wpb_row cabecera height_auto with_img\"><div class=\"l-section-img\" role=\"img\" data-img-width=\"1600\" data-img-height=\"900\" style=\"background-image: url(https:\/\/fagorcomfortsolutions.es\/wp-content\/uploads\/2025\/01\/ciclismo-fagor.jpg);background-position: top center;background-repeat: no-repeat;\"><\/div><div class=\"l-section-overlay\" style=\"background:rgba(0,0,0,0.23)\"><\/div><div class=\"l-section-h i-cf\"><div class=\"g-cols vc_row via_grid cols_1 laptops-cols_inherit tablets-cols_inherit mobiles-cols_1 valign_top type_default stacking_default\"><div class=\"wpb_column vc_column_container\"><div class=\"vc_column-inner\"><div class=\"g-cols wpb_row via_grid cols_2 laptops-cols_inherit tablets-cols_inherit mobiles-cols_1 valign_bottom type_default stacking_default\" style=\"--gap:3rem;\"><div class=\"wpb_column vc_column_container\"><div class=\"vc_column-inner\"><div class=\"w-hwrapper valign_top align_left\"><div class=\"w-vwrapper us_custom_edb423b1 align_left valign_middle\"><div class=\"w-separator size_medium\"><\/div><div class=\"w-image imagen align_none\"><div class=\"w-image-h\"><img loading=\"lazy\" decoding=\"async\" width=\"1024\" height=\"1024\" src=\"https:\/\/fagorcomfortsolutions.es\/wp-content\/uploads\/2025\/03\/rojo.svg\" class=\"attachment-large size-large\" alt=\"\" loading=\"lazy\" \/><\/div><\/div><div class=\"wpb_text_column us_custom_6df4bc3a texto has_text_color\"><div class=\"wpb_wrapper\"><h1><strong>Uma hist\u00f3ria de<br \/>\nsupera\u00e7\u00e3o, inova\u00e7\u00e3o e<br \/>\nservi\u00e7o ao cliente<\/strong><\/h1>\n<\/div><\/div><div class=\"w-separator size_medium\"><\/div><\/div><\/div><\/div><\/div><div class=\"wpb_column vc_column_container\"><div class=\"vc_column-inner\"><\/div><\/div><\/div><div class=\"w-separator size_huge\"><\/div><\/div><\/div><\/div><\/div><\/section><section class=\"l-section wpb_row height_large\"><div class=\"l-section-h i-cf\"><div class=\"g-cols vc_row via_grid cols_1 laptops-cols_inherit tablets-cols_inherit mobiles-cols_1 valign_top type_default stacking_default\"><div class=\"wpb_column vc_column_container\"><div class=\"vc_column-inner\"><div class=\"g-cols wpb_row via_grid cols_2-1 laptops-cols_inherit tablets-cols_inherit mobiles-cols_1 valign_top type_default stacking_default\" style=\"--gap:3rem;\"><div class=\"wpb_column vc_column_container\"><div class=\"vc_column-inner\"><div class=\"w-vwrapper align_none valign_top\" style=\"--vwrapper-gap:0.5rem\"><div class=\"wpb_text_column us_custom_6745946f has_text_color\"><div class=\"wpb_wrapper\"><h2 class=\"h1\"><strong>Mais de 50 anos de inova\u00e7\u00e3o em produtos<\/strong><\/h2>\n<\/div><\/div><div class=\"wpb_text_column\"><div class=\"wpb_wrapper\"><h3>Na Fagor inovamos em produtos desde o primeiro dia.<\/h3>\n<\/div><\/div><div class=\"w-separator size_small\"><\/div><div class=\"wpb_text_column\"><div class=\"wpb_wrapper\"><h6>Desde o fog\u00e3o Loretta, projetado em 1956, at\u00e9 os dias atuais, trabalhamos para oferecer ao mercado produtos inovadores e adaptados \u00e0s necessidades dos clientes.<\/h6>\n<\/div><\/div><\/div><\/div><\/div><div class=\"wpb_column vc_column_container\"><div class=\"vc_column-inner\"><\/div><\/div><\/div><div class=\"w-separator size_medium\"><\/div><div class=\"g-cols wpb_row caracteristicas3 via_grid cols_4 laptops-cols_inherit tablets-cols_inherit mobiles-cols_1 valign_top type_default stacking_default\" style=\"--gap:3rem;\"><div class=\"wpb_column vc_column_container\"><div class=\"vc_column-inner\"><div class=\"w-image imagen has_ratio align_none\"><div class=\"w-image-h\"><div style=\"padding-bottom:100%\"><\/div><img loading=\"lazy\" decoding=\"async\" width=\"362\" height=\"362\" src=\"https:\/\/fagorcomfortsolutions.es\/wp-content\/uploads\/2025\/03\/historia-1956.jpg\" class=\"attachment-large size-large\" alt=\"Estufa Loretta Fagor\" loading=\"lazy\" srcset=\"https:\/\/fagorcomfortsolutions.es\/wp-content\/uploads\/2025\/03\/historia-1956.jpg 362w, https:\/\/fagorcomfortsolutions.es\/wp-content\/uploads\/2025\/03\/historia-1956-300x300.jpg 300w, https:\/\/fagorcomfortsolutions.es\/wp-content\/uploads\/2025\/03\/historia-1956-150x150.jpg 150w\" sizes=\"auto, (max-width: 362px) 100vw, 362px\" \/><\/div><\/div><div class=\"w-separator size_small\"><\/div><div class=\"wpb_text_column\"><div class=\"wpb_wrapper\"><h2><strong>Fog\u00e3o Loretta<\/strong><\/h2>\n<\/div><\/div><div class=\"w-separator size_small\"><\/div><div class=\"wpb_text_column\"><div class=\"wpb_wrapper\"><p class=\"p1\">Primeiro produto da ULGOR (primeiro nome da FAGOR), inspirado no modelo brit\u00e2nico &#8220;Aladdin&#8221;. (Ano 1956).<\/p>\n<\/div><\/div><\/div><\/div><div class=\"wpb_column vc_column_container\"><div class=\"vc_column-inner\"><div class=\"w-image imagen has_ratio align_none\"><div class=\"w-image-h\"><div style=\"padding-bottom:100%\"><\/div><img loading=\"lazy\" decoding=\"async\" width=\"362\" height=\"362\" src=\"https:\/\/fagorcomfortsolutions.es\/wp-content\/uploads\/2025\/03\/historia-1965.jpg\" class=\"attachment-large size-large\" alt=\"Estufa Dorothy Fagor\" loading=\"lazy\" \/><\/div><\/div><div class=\"w-separator size_small\"><\/div><div class=\"wpb_text_column\"><div class=\"wpb_wrapper\"><h2><strong>Estufa Dorothy<\/strong><\/h2>\n<\/div><\/div><div class=\"w-separator size_small\"><\/div><div class=\"wpb_text_column\"><div class=\"wpb_wrapper\"><p class=\"p1\">Permitia aquecer o pequeno-almo\u00e7o fosse aquecido usando o forno inclu\u00eddo. (Ano 1965).<\/p>\n<\/div><\/div><\/div><\/div><div class=\"wpb_column vc_column_container\"><div class=\"vc_column-inner\"><div class=\"w-image imagen has_ratio align_none\"><div class=\"w-image-h\"><div style=\"padding-bottom:100%\"><\/div><img loading=\"lazy\" decoding=\"async\" width=\"362\" height=\"362\" src=\"https:\/\/fagorcomfortsolutions.es\/wp-content\/uploads\/2025\/03\/historia-1970.jpg\" class=\"attachment-large size-large\" alt=\"Calentador DAVID Fagor\" loading=\"lazy\" srcset=\"https:\/\/fagorcomfortsolutions.es\/wp-content\/uploads\/2025\/03\/historia-1970.jpg 362w, https:\/\/fagorcomfortsolutions.es\/wp-content\/uploads\/2025\/03\/historia-1970-300x300.jpg 300w, https:\/\/fagorcomfortsolutions.es\/wp-content\/uploads\/2025\/03\/historia-1970-150x150.jpg 150w\" sizes=\"auto, (max-width: 362px) 100vw, 362px\" \/><\/div><\/div><div class=\"w-separator size_small\"><\/div><div class=\"wpb_text_column\"><div class=\"wpb_wrapper\"><h2><strong>Aquecedor DAVID<\/strong><\/h2>\n<\/div><\/div><div class=\"w-separator size_small\"><\/div><div class=\"wpb_text_column\"><div class=\"wpb_wrapper\"><p class=\"p1\">Primeiro esquentador a g\u00e1s da FAGOR. 5-6 litros. (D\u00e9cada de 1970).<\/p>\n<\/div><\/div><\/div><\/div><div class=\"wpb_column vc_column_container\"><div class=\"vc_column-inner\"><div class=\"w-image imagen has_ratio align_none\"><div class=\"w-image-h\"><div style=\"padding-bottom:100%\"><\/div><img loading=\"lazy\" decoding=\"async\" width=\"362\" height=\"362\" src=\"https:\/\/fagorcomfortsolutions.es\/wp-content\/uploads\/2025\/03\/historia-2010.jpg\" class=\"attachment-large size-large\" alt=\"Caldera FEE-24 Nox Fagor\" loading=\"lazy\" \/><\/div><\/div><div class=\"w-separator size_small\"><\/div><div class=\"wpb_text_column\"><div class=\"wpb_wrapper\"><h2><strong>Caldeira FEE-24NOX<\/strong><\/h2>\n<\/div><\/div><div class=\"w-separator size_small\"><\/div><div class=\"wpb_text_column\"><div class=\"wpb_wrapper\"><p class=\"p1\">Caldeira Nox, a caldeira mais vendida no mercado espanhol. Na \u00e9poca, era o menor modelo de caldeira do mercado (2010).<\/p>\n<\/div><\/div><\/div><\/div><\/div><\/div><\/div><\/div><\/div><\/section><section class=\"l-section wpb_row height_small\"><div class=\"l-section-h i-cf\"><div class=\"g-cols vc_row via_grid cols_1 laptops-cols_inherit tablets-cols_inherit mobiles-cols_1 valign_top type_default stacking_default\"><div class=\"wpb_column vc_column_container\"><div class=\"vc_column-inner\"><div class=\"wpb_text_column us_custom_6745946f has_text_color\"><div class=\"wpb_wrapper\"><h2 class=\"h1\" style=\"text-align: center;\"><strong>Uma marca criada em 1956<\/strong><\/h2>\n<\/div><\/div><div class=\"w-separator size_small\"><\/div><div class=\"g-cols wpb_row us_custom_e546f110 caracteristicas3 via_grid cols_3 laptops-cols_inherit tablets-cols_inherit mobiles-cols_1 valign_top type_default stacking_default\" style=\"--gap:1.5rem;\"><div class=\"wpb_column vc_column_container\"><div class=\"vc_column-inner\"><div class=\"w-image us_custom_3000a3fb align_none\"><div class=\"w-image-h\"><img loading=\"lazy\" decoding=\"async\" width=\"300\" height=\"226\" src=\"https:\/\/fagorcomfortsolutions.es\/wp-content\/uploads\/2025\/03\/fagor-1.jpg\" class=\"attachment-medium size-medium\" alt=\"Logo Fagor Gallo\" loading=\"lazy\" \/><\/div><\/div><div class=\"w-separator size_small\"><\/div><div class=\"wpb_text_column\"><div class=\"wpb_wrapper\"><p>Em 1955, cinco empreendedores de Mondrag\u00f3n fundaram a ULGOR, a origem da Fagor Electrodom\u00e9sticos. Desde o in\u00edcio, a ULGOR foi fundada com a filosofia de ser uma empresa onde os funcion\u00e1rios-parceiros s\u00e3o os protagonistas do seu pr\u00f3prio futuro, gerando emprego e desenvolvimento econ\u00f3mico para a regi\u00e3o.<br \/>\nEm 1956, a marca Fagor foi criada com o objetivo de fabricar e comercializar eletrodom\u00e9sticos.<\/p>\n<\/div><\/div><\/div><\/div><div class=\"wpb_column vc_column_container\"><div class=\"vc_column-inner\"><div class=\"w-image us_custom_3000a3fb align_none\"><div class=\"w-image-h\"><img loading=\"lazy\" decoding=\"async\" width=\"300\" height=\"226\" src=\"https:\/\/fagorcomfortsolutions.es\/wp-content\/uploads\/2025\/03\/fagor-2.jpg\" class=\"attachment-medium size-medium\" alt=\"Logo Fagor Antiguo\" loading=\"lazy\" \/><\/div><\/div><div class=\"w-separator size_small\"><\/div><div class=\"wpb_text_column\"><div class=\"wpb_wrapper\"><p>Trinta anos depois, a Fagor tornou-se um dos principais fabricantes de eletrodom\u00e9sticos da Europa. Seu cat\u00e1logo de produtos inclu\u00eda refer\u00eancias no mundo dos eletrodom\u00e9sticos e do confort.<\/p>\n<\/div><\/div><\/div><\/div><div class=\"wpb_column vc_column_container\"><div class=\"vc_column-inner\"><div class=\"w-image us_custom_3000a3fb align_none\"><div class=\"w-image-h\"><img loading=\"lazy\" decoding=\"async\" width=\"300\" height=\"226\" src=\"https:\/\/fagorcomfortsolutions.es\/wp-content\/uploads\/2025\/03\/fagor-3-300x226.jpg\" class=\"attachment-medium size-medium\" alt=\"Logo Fagor Comfort Solutions\" loading=\"lazy\" srcset=\"https:\/\/fagorcomfortsolutions.es\/wp-content\/uploads\/2025\/03\/fagor-3-300x226.jpg 300w, https:\/\/fagorcomfortsolutions.es\/wp-content\/uploads\/2025\/03\/fagor-3.jpg 350w\" sizes=\"auto, (max-width: 300px) 100vw, 300px\" \/><\/div><\/div><div class=\"w-separator size_small\"><\/div><div class=\"wpb_text_column\"><div class=\"wpb_wrapper\"><p>A Fagor Comfort Solutions foi criada em 2024. Esta iniciativa \u00e9 liderada pela Sareteknika, uma cooperativa de servi\u00e7os p\u00f3s-venda especializada em eletrodom\u00e9sticos e conforto. A mesma equipa de profissionais lidera o Servi\u00e7o T\u00e9cnico Oficial da Fagor desde a sua cria\u00e7\u00e3o.<\/p>\n<p>Uma iniciativa empresarial que nasce com o objetivo de ir al\u00e9m do produto.<\/p>\n<\/div><\/div><\/div><\/div><\/div><\/div><\/div><\/div><\/div><\/section><section class=\"l-section wpb_row height_large\"><div class=\"l-section-h i-cf\"><div class=\"g-cols vc_row via_grid cols_7-5 laptops-cols_inherit tablets-cols_inherit mobiles-cols_1 valign_top type_default stacking_default\"><div class=\"wpb_column vc_column_container\"><div class=\"vc_column-inner\"><div class=\"w-image us_custom_5e8a7298 align_none\"><div class=\"w-image-h\"><img loading=\"lazy\" decoding=\"async\" width=\"900\" height=\"512\" src=\"https:\/\/fagorcomfortsolutions.es\/wp-content\/uploads\/2024\/11\/red-sareteknika.jpg\" class=\"attachment-large size-large\" alt=\"SAT Fagor\" loading=\"lazy\" srcset=\"https:\/\/fagorcomfortsolutions.es\/wp-content\/uploads\/2024\/11\/red-sareteknika.jpg 900w, https:\/\/fagorcomfortsolutions.es\/wp-content\/uploads\/2024\/11\/red-sareteknika-300x171.jpg 300w\" sizes=\"auto, (max-width: 900px) 100vw, 900px\" \/><\/div><\/div><\/div><\/div><div class=\"wpb_column vc_column_container\"><div class=\"vc_column-inner\"><div class=\"wpb_text_column\"><div class=\"wpb_wrapper\"><h2><strong>Focado no servi\u00e7o ao cliente<\/strong><\/h2>\n<p>O Servi\u00e7o T\u00e9cnico Oficial Fagor \u00e9 um s\u00edmbolo da marca desde a sua cria\u00e7\u00e3o.<\/p>\n<p>Uma marca que nos permitiu oferecer servi\u00e7os diferenciados ao longo dos anos e que continua profundamente enraizada na ess\u00eancia da marca.<\/p>\n<p>*(Fotografia de 1973. Carros SAT FAGOR, atualmente Sareteknika.)<\/p>\n<\/div><\/div><\/div><\/div><\/div><\/div><\/section>\n","protected":false},"excerpt":{"rendered":"Uma hist\u00f3ria de supera\u00e7\u00e3o, inova\u00e7\u00e3o e servi\u00e7o ao cliente Mais de 50 anos de inova\u00e7\u00e3o em produtos Na Fagor inovamos em produtos desde o primeiro dia. Desde o fog\u00e3o Loretta, projetado em 1956, at\u00e9 os dias atuais, trabalhamos para oferecer ao mercado produtos inovadores e adaptados \u00e0s necessidades dos clientes. Fog\u00e3o Loretta Primeiro produto da...","protected":false},"author":1,"featured_media":0,"parent":0,"menu_order":10,"comment_status":"closed","ping_status":"closed","template":"","meta":{"footnotes":""},"class_list":["post-5314","page","type-page","status-publish","hentry"],"_links":{"self":[{"href":"https:\/\/fagorcomfortsolutions.es\/pt-pt\/wp-json\/wp\/v2\/pages\/5314","targetHints":{"allow":["GET"]}}],"collection":[{"href":"https:\/\/fagorcomfortsolutions.es\/pt-pt\/wp-json\/wp\/v2\/pages"}],"about":[{"href":"https:\/\/fagorcomfortsolutions.es\/pt-pt\/wp-json\/wp\/v2\/types\/page"}],"author":[{"embeddable":true,"href":"https:\/\/fagorcomfortsolutions.es\/pt-pt\/wp-json\/wp\/v2\/users\/1"}],"replies":[{"embeddable":true,"href":"https:\/\/fagorcomfortsolutions.es\/pt-pt\/wp-json\/wp\/v2\/comments?post=5314"}],"version-history":[{"count":1,"href":"https:\/\/fagorcomfortsolutions.es\/pt-pt\/wp-json\/wp\/v2\/pages\/5314\/revisions"}],"predecessor-version":[{"id":5315,"href":"https:\/\/fagorcomfortsolutions.es\/pt-pt\/wp-json\/wp\/v2\/pages\/5314\/revisions\/5315"}],"wp:attachment":[{"href":"https:\/\/fagorcomfortsolutions.es\/pt-pt\/wp-json\/wp\/v2\/media?parent=5314"}],"curies":[{"name":"wp","href":"https:\/\/api.w.org\/{rel}","templated":true}]}}