{"id":5318,"date":"2024-10-29T09:43:18","date_gmt":"2024-10-29T08:43:18","guid":{"rendered":"https:\/\/fagorcomfortsolutions.es\/?page_id=5318"},"modified":"2025-07-27T20:45:12","modified_gmt":"2025-07-27T18:45:12","slug":"politica-privacidade","status":"publish","type":"page","link":"https:\/\/fagorcomfortsolutions.es\/pt-pt\/politica-privacidade\/","title":{"rendered":"Pol\u00edtica de privacidade"},"content":{"rendered":"<section class=\"l-section wpb_row height_large\"><div class=\"l-section-h i-cf\"><div class=\"g-cols vc_row via_grid cols_1 laptops-cols_inherit tablets-cols_inherit mobiles-cols_1 valign_top type_default stacking_default\"><div class=\"wpb_column vc_column_container\"><div class=\"vc_column-inner\"><div class=\"wpb_text_column\"><div class=\"wpb_wrapper\"><h1>Pol\u00edtica de privacidade<\/h1>\n<\/div><\/div><div class=\"w-separator size_small\"><\/div><div class=\"wpb_text_column\"><div class=\"wpb_wrapper\"><p><strong>INFORMA\u00c7\u00d5ES SOBRE O TRATAMENTO DE DADOS PESSOAIS<br \/>\n<\/strong><\/p>\n<p><span>Em cumprimento ao Regulamento (UE) n.\u00ba 2016\/679 do Parlamento Europeu e do Conselho relativo \u00e0 prote\u00e7\u00e3o das pessoas singulares no que diz respeito ao tratamento de dados pessoais (doravante, &#8220;RGPD&#8221;) e \u00e0 Lei Org\u00e2nica 3\/2018 de Prote\u00e7\u00e3o de Dados Pessoais e Garantia dos Direitos Digitais (doravante, &#8220;LOPDygdd&#8221;), a presente pol\u00edtica de privacidade tem por objetivo inform\u00e1-lo sobre a forma como a REACH THE MARKET SL trata os dados pessoais.<\/span><\/p>\n<p><strong>1. Dados do controlador de dados\u00a0<\/strong><\/p>\n<ul>\n<li aria-level=\"1\"><span>Nome da empresa: REACH THE MARKET SL (doravante, RTM)<\/span><\/li>\n<li aria-level=\"1\"><span>N\u00famero de Identifica\u00e7\u00e3o Fiscal: B40596835<\/span><\/li>\n<li aria-level=\"1\"><span>Sede: P\u00f3lo de Inova\u00e7\u00e3o Garaia. Goiru kalea 1, 20500, Arrasate \u2013 Mondrag\u00f3n, Gipuzkoa.<\/span><\/li>\n<li aria-level=\"1\"><span>E-mail de contato geral:\u00a0<\/span><a href=\"mailto:info@fagorcomfortsolutions.com\"><span>info@fagorcomfortsolutions.com<\/span><\/a><\/li>\n<li aria-level=\"1\"><span>E-mail para quest\u00f5es de prote\u00e7\u00e3o de dados pessoais:\u00a0<\/span><a href=\"mailto:rgpd@fagorcomfortsolutions.com\"><span>rgpd@fagorcomfortsolutions.com<\/span><\/a><\/li>\n<li aria-level=\"1\"><span>Telefone: (+34) 943 56 03 00<\/span><\/li>\n<\/ul>\n<p><strong>2. Finalidade, legitimidade e conserva\u00e7\u00e3o do tratamento de dados pessoais<\/strong><\/p>\n<table>\n<tbody>\n<tr>\n<td>\n<p dir=\"ltr\">TRATAMENTO<\/p>\n<\/td>\n<td>\n<p dir=\"ltr\">PROP\u00d3SITO<\/p>\n<\/td>\n<td>\n<p dir=\"ltr\">LEGITIMA\u00c7\u00c3O<\/p>\n<\/td>\n<td>\n<p dir=\"ltr\">CONSERVA\u00c7\u00c3O<\/p>\n<\/td>\n<\/tr>\n<tr>\n<td>\n<p dir=\"ltr\">Contato<\/p>\n<\/td>\n<td>\n<p dir=\"ltr\">Processaremos os seus dados para atender, gerir e responder a consultas e\/ou solicita\u00e7\u00f5es recebidas pelos canais de comunica\u00e7\u00e3o corporativa da RTM.<\/p>\n<\/td>\n<td>\n<p dir=\"ltr\">Os dados ser\u00e3o processados \u200b\u200bcom base no interesse leg\u00edtimo da RTM em atender e gerir as suas consultas ou pedidos, de acordo com o Artigo 6.1.f) do Regulamento Geral de Prote\u00e7\u00e3o de Dados.<\/p>\n<\/td>\n<td>\n<p dir=\"ltr\">Os dados relativos a consultas e\/ou pedidos ser\u00e3o eliminados periodicamente e, em qualquer caso, ser\u00e3o revistos e eliminados anualmente.<\/p>\n<\/td>\n<\/tr>\n<tr>\n<td>\n<p dir=\"ltr\">Solicita\u00e7\u00e3o de or\u00e7amentos<\/p>\n<\/td>\n<td>\n<p dir=\"ltr\">Processaremos os seus dados pessoais para gerenciar os seus pedidos de or\u00e7amento.<\/p>\n<\/td>\n<td>\n<p dir=\"ltr\">Os dados ser\u00e3o tratados com base na aplica\u00e7\u00e3o de medidas pr\u00e9-contratuais, nos termos do artigo 6.\u00ba, n.\u00ba 1, al\u00ednea b), do Regulamento Geral sobre a Prote\u00e7\u00e3o de Dados.<\/p>\n<\/td>\n<td>\n<p dir=\"ltr\">Os dados ser\u00e3o conservados pelo tempo necess\u00e1rio \u00e0 elabora\u00e7\u00e3o e gest\u00e3o do or\u00e7amento e durante os prazos de prescri\u00e7\u00e3o de eventuais responsabilidades que possam advir do tratamento dos dados.<\/p>\n<\/td>\n<\/tr>\n<tr>\n<td>\n<p dir=\"ltr\">Clientes RTM<\/p>\n<\/td>\n<td>\n<p dir=\"ltr\">Processaremos os seus dados pessoais para gerir a venda, instala\u00e7\u00e3o e fatura\u00e7\u00e3o dos nossos produtos.<\/p>\n<p dir=\"ltr\">Da mesma forma, seus dados tamb\u00e9m ser\u00e3o tratados para fins de gest\u00e3o do servi\u00e7o p\u00f3s-venda e, em especial, para processamento de potenciais reclama\u00e7\u00f5es e realiza\u00e7\u00e3o de inqu\u00e9ritos de qualidade para melhoria dos produtos e servi\u00e7os da RTM.<\/p>\n<\/td>\n<td>\n<p dir=\"ltr\">Os dados ser\u00e3o tratados com base na rela\u00e7\u00e3o jur\u00eddica estabelecida entre as partes, nos termos do artigo 6.1.b) do Regulamento Geral de Prote\u00e7\u00e3o de Dados.<\/p>\n<p dir=\"ltr\">Os dados ser\u00e3o tratados com base no cumprimento de obriga\u00e7\u00f5es legais relativas ao servi\u00e7o p\u00f3s-venda e no interesse leg\u00edtimo da IPARINSTAL em melhorar os seus servi\u00e7os, nos termos dos artigos 6.1.c) e 6.1.f) do Regulamento Geral sobre a Prote\u00e7\u00e3o de Dados.<\/p>\n<\/td>\n<td>\n<p dir=\"ltr\">Os dados ser\u00e3o tratados enquanto se mantiver a rela\u00e7\u00e3o jur\u00eddica constitu\u00edda para a presta\u00e7\u00e3o do servi\u00e7o e durante os prazos de prescri\u00e7\u00e3o de eventuais responsabilidades que possam derivar do tratamento dos dados.<\/p>\n<\/td>\n<\/tr>\n<tr>\n<td>\n<p dir=\"ltr\">A\u00e7\u00f5es comerciais relacionadas aos produtos e servi\u00e7os da RTM<\/p>\n<p dir=\"ltr\">\n<\/td>\n<td>\n<p dir=\"ltr\">Processaremos os seus dados pessoais para lhe enviar comunica\u00e7\u00f5es comerciais sobre produtos e servi\u00e7os da RTM semelhantes aos adquiridos inicialmente.<\/p>\n<p dir=\"ltr\">A menos que voc\u00ea tenha contratado previamente, processaremos seus dados para lhe enviar comunica\u00e7\u00f5es de marketing somente se voc\u00ea nos tiver dado seu consentimento para faz\u00ea-lo.<\/p>\n<\/td>\n<td>\n<p dir=\"ltr\">Os dados ser\u00e3o tratados com base no interesse leg\u00edtimo da RTM em oferecer produtos e servi\u00e7os similares, nos termos do artigo 6.1.f) do Regulamento Geral de Prote\u00e7\u00e3o de Dados.<\/p>\n<p dir=\"ltr\">Consentimento do utilizador, nos termos do artigo 6.1.a) do Regulamento Geral de Prote\u00e7\u00e3o de Dados.<\/p>\n<\/td>\n<td>\n<p dir=\"ltr\">Os dados ser\u00e3o processados \u200b\u200bat\u00e9 que o titular dos dados se oponha, revogue seu consentimento ou os dados n\u00e3o sejam mais necess\u00e1rios para os fins para os quais foram coletados, o que ocorrer primeiro.<\/p>\n<p dir=\"ltr\">Os dados tamb\u00e9m podem ser retidos durante o per\u00edodo de prescri\u00e7\u00e3o para quaisquer potenciais responsabilidades que possam surgir do processamento dos dados.<\/p>\n<\/td>\n<\/tr>\n<tr>\n<td>\n<p dir=\"ltr\">Contatos profissionais<\/p>\n<\/td>\n<td>\n<p dir=\"ltr\">Processaremos as suas informa\u00e7\u00f5es de contato profissional com a finalidade de manter qualquer tipo de relacionamento com a entidade jur\u00eddica para a qual voc\u00ea presta servi\u00e7os. Processaremos apenas os dados necess\u00e1rios para sua localiza\u00e7\u00e3o profissional.<\/p>\n<\/td>\n<td>\n<p dir=\"ltr\">Os dados ser\u00e3o processados \u200b\u200bcom base no interesse leg\u00edtimo da RTM em processar informa\u00e7\u00f5es de contato profissionais, de acordo com o Artigo 6.1.f) do Regulamento Geral de Prote\u00e7\u00e3o de Dados.<\/p>\n<\/td>\n<td>\n<p dir=\"ltr\">Os dados ser\u00e3o retidos enquanto mantivermos o relacionamento profissional com a pessoa jur\u00eddica para a qual voc\u00ea presta servi\u00e7os ou enquanto voc\u00ea continuar a exercer o mesmo cargo profissional. Al\u00e9m disso, os dados ser\u00e3o retidos durante o per\u00edodo de quaisquer limita\u00e7\u00f5es de responsabilidade que possam surgir do processamento de dados.<\/p>\n<\/td>\n<\/tr>\n<\/tbody>\n<\/table>\n<p><strong>3. Origem dos dados pessoais<\/strong><\/p>\n<p><span>As informa\u00e7\u00f5es de contato do cliente v\u00eam diretamente do titular dos dados ou indiretamente por meio de empresas parceiras que fornecem servi\u00e7os de manuten\u00e7\u00e3o, como Sareteknika Servicios Globales de Postventa, S. Coop.<\/span><\/p>\n<p><strong>4. Comunica\u00e7\u00f5es de dados<\/strong><\/p>\n<p><span>Os dados pessoais n\u00e3o ser\u00e3o divulgados a organiza\u00e7\u00f5es p\u00fablicas ou privadas, exceto se necess\u00e1rio para cumprir obriga\u00e7\u00f5es legalmente estabelecidas, de acordo com o artigo 6.1.c) do Regulamento Geral de Prote\u00e7\u00e3o de Dados.<\/span><\/p>\n<p><span>Os dados pessoais podem ser comunicados a empresas que prestam servi\u00e7os de coloca\u00e7\u00e3o em funcionamento e manuten\u00e7\u00e3o de caldeiras, como a Sareteknika Servicios Globales de Postventa, S. Coop., na medida necess\u00e1ria para a execu\u00e7\u00e3o de um contrato do qual o titular dos dados \u00e9 parte, de acordo com o Artigo 6.1.b) do Regulamento Geral de Prote\u00e7\u00e3o de Dados.<\/span><\/p>\n<p><span>Da mesma forma, os dados poder\u00e3o ser processados <\/span><span>\u200b\u200b<\/span><span>por processadores de dados que prestam os servi\u00e7os necess\u00e1rios para o cumprimento das finalidades descritas, por exemplo, atendimento ao cliente. Esses processadores processar\u00e3o os dados exclusivamente em nome e seguindo as instru\u00e7\u00f5es da RTM, garantindo a confidencialidade e a seguran\u00e7a das informa\u00e7\u00f5es em todos os momentos.<\/span><\/p>\n<p><strong>5. Transfer\u00eancias internacionais de dados<\/strong><\/p>\n<p><span>N\u00e3o est\u00e3o previstas transfer\u00eancias internacionais de dados pessoais para pa\u00edses terceiros fora da Uni\u00e3o Europeia.<\/span><\/p>\n<p><strong>6. Medidas de seguran\u00e7a<\/strong><\/p>\n<p><span>Os dados ser\u00e3o tratados confidencialmente e medidas t\u00e9cnicas e organizacionais apropriadas ser\u00e3o implementadas, incluindo prote\u00e7\u00e3o contra processamento n\u00e3o autorizado ou ilegal e perda, destrui\u00e7\u00e3o ou dano acidental, para garantir um n\u00edvel de seguran\u00e7a apropriado ao risco.<\/span><\/p>\n<p><strong>7. Direitos em rela\u00e7\u00e3o ao processamento dos seus dados pessoais<\/strong><\/p>\n<p><span>Voc\u00ea pode exercer seus direitos de acesso, retifica\u00e7\u00e3o, eliminar e portabilidade de seus dados, bem como o direito de restri\u00e7\u00e3o e oposi\u00e7\u00e3o ao tratamento, bem como o direito de n\u00e3o ser sujeito a decis\u00f5es baseadas exclusivamente no tratamento automatizado de seus dados, quando apropriado, enviando um e-mail para\u00a0<\/span><a href=\"mailto:rgpd@fagorcomfortsolutions.com\"><span>rgpd@fagorcomfortsolutions.com<\/span><\/a><span>\u00a0\u00a0e enviando um endere\u00e7o postal para CL Uribe Auzoa 11, 20500 Arrasate, Guip\u00fazcoa. Se considerar que o exerc\u00edcio de seus direitos n\u00e3o foi cumprido, voc\u00ea tem o direito de apresentar uma reclama\u00e7\u00e3o \u00e0 Ag\u00eancia Espanhola de Prote\u00e7\u00e3o de Dados.<\/span><\/p>\n<p><span>Reservamo-nos o direito de modificar esta Pol\u00edtica de Privacidade para adapt\u00e1-la a novas legisla\u00e7\u00f5es, jurisprud\u00eancias, crit\u00e9rios interpretativos de autoridades de supervis\u00e3o ou altera\u00e7\u00f5es em nossas pr\u00e1ticas comerciais.<\/span><\/p>\n<p><span>Recomendamos que verifique periodicamente esta Pol\u00edtica de Privacidade para se manter informado sobre como processamos seus dados pessoais.<\/span><\/p>\n<\/div><\/div><\/div><\/div><\/div><\/div><\/section>\n","protected":false},"excerpt":{"rendered":"Pol\u00edtica de privacidade INFORMA\u00c7\u00d5ES SOBRE O TRATAMENTO DE DADOS PESSOAIS Em cumprimento ao Regulamento (UE) n.\u00ba 2016\/679 do Parlamento Europeu e do Conselho relativo \u00e0 prote\u00e7\u00e3o das pessoas singulares no que diz respeito ao tratamento de dados pessoais (doravante, &#8220;RGPD&#8221;) e \u00e0 Lei Org\u00e2nica 3\/2018 de Prote\u00e7\u00e3o de Dados Pessoais e Garantia dos Direitos Digitais...","protected":false},"author":1,"featured_media":0,"parent":0,"menu_order":20,"comment_status":"closed","ping_status":"closed","template":"","meta":{"footnotes":""},"class_list":["post-5318","page","type-page","status-publish","hentry"],"_links":{"self":[{"href":"https:\/\/fagorcomfortsolutions.es\/pt-pt\/wp-json\/wp\/v2\/pages\/5318","targetHints":{"allow":["GET"]}}],"collection":[{"href":"https:\/\/fagorcomfortsolutions.es\/pt-pt\/wp-json\/wp\/v2\/pages"}],"about":[{"href":"https:\/\/fagorcomfortsolutions.es\/pt-pt\/wp-json\/wp\/v2\/types\/page"}],"author":[{"embeddable":true,"href":"https:\/\/fagorcomfortsolutions.es\/pt-pt\/wp-json\/wp\/v2\/users\/1"}],"replies":[{"embeddable":true,"href":"https:\/\/fagorcomfortsolutions.es\/pt-pt\/wp-json\/wp\/v2\/comments?post=5318"}],"version-history":[{"count":1,"href":"https:\/\/fagorcomfortsolutions.es\/pt-pt\/wp-json\/wp\/v2\/pages\/5318\/revisions"}],"predecessor-version":[{"id":5319,"href":"https:\/\/fagorcomfortsolutions.es\/pt-pt\/wp-json\/wp\/v2\/pages\/5318\/revisions\/5319"}],"wp:attachment":[{"href":"https:\/\/fagorcomfortsolutions.es\/pt-pt\/wp-json\/wp\/v2\/media?parent=5318"}],"curies":[{"name":"wp","href":"https:\/\/api.w.org\/{rel}","templated":true}]}}